{"id":138,"date":"2017-11-10T14:57:38","date_gmt":"2017-11-10T14:57:38","guid":{"rendered":"https:\/\/grow.ee\/?page_id=138"},"modified":"2025-01-16T13:28:41","modified_gmt":"2025-01-16T10:28:41","slug":"blogi","status":"publish","type":"page","link":"https:\/\/grow.ee\/fi\/meist\/blogi\/","title":{"rendered":"Blogi"},"content":{"rendered":"\n\n  <div class=\"banner has-hover\" id=\"banner-651259727\">\n          <div class=\"banner-inner fill\">\n        <div class=\"banner-bg fill\" >\n            <img loading=\"lazy\" decoding=\"async\" width=\"2200\" height=\"1232\" src=\"https:\/\/grow.ee\/wp-content\/uploads\/2024\/05\/Digitaalne-raamatupidamine-Grow-2.webp\" class=\"bg attachment-original size-original\" alt=\"\" \/>                        <div class=\"overlay\"><\/div>            \n                    <\/div>\n\t\t\n        <div class=\"banner-layers container\">\n            <div class=\"fill banner-link\"><\/div>            \n\n   <div id=\"text-box-399844852\" class=\"text-box banner-layer x50 md-x50 lg-x50 y50 md-y50 lg-y50 res-text\">\n                                <div class=\"text-box-content text dark\">\n              \n              <div class=\"text-inner text-center\">\n                  \n\n<h3 class=\"uppercase\">blogi<\/h3>\n\n              <\/div>\n           <\/div>\n                            \n<style>\n#text-box-399844852 {\n  width: 60%;\n}\n#text-box-399844852 .text-box-content {\n  font-size: 100%;\n}\n<\/style>\n    <\/div>\n \n\n        <\/div>\n      <\/div>\n\n            \n<style>\n#banner-651259727 {\n  padding-top: 200px;\n}\n#banner-651259727 .overlay {\n  background-color: rgba(0, 0, 0, 0.17);\n}\n<\/style>\n  <\/div>\n\n\n<div class=\"row\"  id=\"row-841119190\">\n\n\n\t<div id=\"col-1970776614\" class=\"col medium-8 small-12 large-8\"  >\n\t\t\t\t<div class=\"col-inner\"  >\n\t\t\t\n\t\t\t\n\n\n  \n    <div class=\"row large-columns-2 medium-columns-1 small-columns-1\" >\n  <div class=\"col post-item\" >\n\t\t\t<div class=\"col-inner\">\n\t\t\t\t<div class=\"box box-normal box-text-bottom box-blog-post has-hover\">\n            \t\t\t\t\t<div class=\"box-image\" >\n  \t\t\t\t\t\t<div class=\"image-cover\" style=\"padding-top:56.25%;\">\n\t\t\t\t\t\t\t<a href=\"https:\/\/grow.ee\/fi\/millal-ettevote-vajab-enamat-kui-raamatupidamist\/\" class=\"plain\" aria-label=\"Millal ettev\u00f5te vajab enamat kui raamatupidamist?\">\n\t\t\t\t\t\t\t\t<img loading=\"lazy\" decoding=\"async\" width=\"300\" height=\"167\" src=\"https:\/\/grow.ee\/wp-content\/uploads\/2026\/04\/Finantsjuhtimise-teenus-300x167.png\" class=\"attachment-medium size-medium wp-post-image\" alt=\"\" srcset=\"https:\/\/grow.ee\/wp-content\/uploads\/2026\/04\/Finantsjuhtimise-teenus-300x167.png 300w, https:\/\/grow.ee\/wp-content\/uploads\/2026\/04\/Finantsjuhtimise-teenus-720x402.png 720w, https:\/\/grow.ee\/wp-content\/uploads\/2026\/04\/Finantsjuhtimise-teenus-768x429.png 768w, https:\/\/grow.ee\/wp-content\/uploads\/2026\/04\/Finantsjuhtimise-teenus-18x10.png 18w, https:\/\/grow.ee\/wp-content\/uploads\/2026\/04\/Finantsjuhtimise-teenus.png 1376w\" sizes=\"auto, (max-width: 300px) 100vw, 300px\" \/>\t\t\t\t\t\t\t<\/a>\n  \t\t\t\t\t\t\t  \t\t\t\t\t\t\t  \t\t\t\t\t\t<\/div>\n  \t\t\t\t\t\t  \t\t\t\t\t<\/div>\n          \t\t\t\t\t<div class=\"box-text text-center\" style=\"background-color:rgb(232, 237, 244);\">\n\t\t\t\t\t<div class=\"box-text-inner blog-post-inner\">\n\n\t\t\t\t\t\n\t\t\t\t\t\t\t\t\t\t<h5 class=\"post-title is-large \">\n\t\t\t\t\t\t<a href=\"https:\/\/grow.ee\/fi\/millal-ettevote-vajab-enamat-kui-raamatupidamist\/\" class=\"plain\">Millal ettev\u00f5te vajab enamat kui raamatupidamist?<\/a>\n\t\t\t\t\t<\/h5>\n\t\t\t\t\t<div class=\"post-meta is-small op-8\">20\/04\/2026<\/div>\t\t\t\t\t<div class=\"is-divider\"><\/div>\n\t\t\t\t\t\t\t\t\t\t<p class=\"from_the_blog_excerpt \">\n\t\t\t\t\t\t4 m\u00e4rki, et ettev\u00f5te vajab finantsjuhtimises suuremat kaasam\u00f5tlemist ja lisaj\u00f5udu.\t\t\t\t\t<\/p>\n\t\t\t\t\t                    \n\t\t\t\t\t\n\t\t\t\t\t\n\t\t\t\t\t<\/div>\n\t\t\t\t\t<\/div>\n\t\t\t\t\t\t\t\t\t<\/div>\n\t\t\t<\/div>\n\t\t<\/div><div class=\"col post-item\" >\n\t\t\t<div class=\"col-inner\">\n\t\t\t\t<div class=\"box box-normal box-text-bottom box-blog-post has-hover\">\n            \t\t\t\t\t<div class=\"box-image\" >\n  \t\t\t\t\t\t<div class=\"image-cover\" style=\"padding-top:56.25%;\">\n\t\t\t\t\t\t\t<a href=\"https:\/\/grow.ee\/fi\/juhi-kaugtood-valismaalt\/\" class=\"plain\" aria-label=\"Juhi kaugt\u00f6\u00f6d v\u00e4lismaalt \u2013 enneta p\u00fcsiva tegevuskoha tekkimist just nende nippidega!\">\n\t\t\t\t\t\t\t\t<img loading=\"lazy\" decoding=\"async\" width=\"300\" height=\"164\" src=\"https:\/\/grow.ee\/wp-content\/uploads\/2026\/03\/Kaugtoona-juhtimine-300x164.png\" class=\"attachment-medium size-medium wp-post-image\" alt=\"\" srcset=\"https:\/\/grow.ee\/wp-content\/uploads\/2026\/03\/Kaugtoona-juhtimine-300x164.png 300w, https:\/\/grow.ee\/wp-content\/uploads\/2026\/03\/Kaugtoona-juhtimine-720x393.png 720w, https:\/\/grow.ee\/wp-content\/uploads\/2026\/03\/Kaugtoona-juhtimine-768x419.png 768w, https:\/\/grow.ee\/wp-content\/uploads\/2026\/03\/Kaugtoona-juhtimine-18x10.png 18w, https:\/\/grow.ee\/wp-content\/uploads\/2026\/03\/Kaugtoona-juhtimine.png 1408w\" sizes=\"auto, (max-width: 300px) 100vw, 300px\" \/>\t\t\t\t\t\t\t<\/a>\n  \t\t\t\t\t\t\t  \t\t\t\t\t\t\t  \t\t\t\t\t\t<\/div>\n  \t\t\t\t\t\t  \t\t\t\t\t<\/div>\n          \t\t\t\t\t<div class=\"box-text text-center\" style=\"background-color:rgb(232, 237, 244);\">\n\t\t\t\t\t<div class=\"box-text-inner blog-post-inner\">\n\n\t\t\t\t\t\n\t\t\t\t\t\t\t\t\t\t<h5 class=\"post-title is-large \">\n\t\t\t\t\t\t<a href=\"https:\/\/grow.ee\/fi\/juhi-kaugtood-valismaalt\/\" class=\"plain\">Juhi kaugt\u00f6\u00f6d v\u00e4lismaalt \u2013 enneta p\u00fcsiva tegevuskoha tekkimist just nende nippidega!<\/a>\n\t\t\t\t\t<\/h5>\n\t\t\t\t\t<div class=\"post-meta is-small op-8\">27\/03\/2026<\/div>\t\t\t\t\t<div class=\"is-divider\"><\/div>\n\t\t\t\t\t\t\t\t\t\t<p class=\"from_the_blog_excerpt \">\n\t\t\t\t\t\tJuhi kaugt\u00f6\u00f6 v\u00e4lismaalt pole vaid mugavus \u2013 loe, kuidas juhtida targalt ja v\u00e4ltida maksuriske.\t\t\t\t\t<\/p>\n\t\t\t\t\t                    \n\t\t\t\t\t\n\t\t\t\t\t\n\t\t\t\t\t<\/div>\n\t\t\t\t\t<\/div>\n\t\t\t\t\t\t\t\t\t<\/div>\n\t\t\t<\/div>\n\t\t<\/div><\/div>\n\n\n\t\t<\/div>\n\t\t\t\t\t<\/div>\n\n\t\n\n\t<div id=\"col-238422898\" class=\"col medium-4 small-12 large-4\"  >\n\t\t\t\t<div class=\"col-inner\"  >\n\t\t\t\n\t\t\t\n\n<ul class=\"sidebar-wrapper ul-reset widgets-framed\"><aside id=\"categories-3\" class=\"widget widget_categories\"><span class=\"widget-title \"><span>Kategoriat<\/span><\/span><div class=\"is-divider small\"><\/div>\n\t\t\t<ul>\n\t\t\t\t\t<li class=\"cat-item cat-item-79\"><a href=\"https:\/\/grow.ee\/fi\/category\/arianaluutika\/\">\u00c4rianal\u00fc\u00fctika<\/a> (2)\n<\/li>\n\t<li class=\"cat-item cat-item-82\"><a href=\"https:\/\/grow.ee\/fi\/category\/ettevotlus\/\">Ettev\u00f5tlus, juhtimine<\/a> (10)\n<\/li>\n\t<li class=\"cat-item cat-item-80\"><a href=\"https:\/\/grow.ee\/fi\/category\/finantsjuhi-teenus\/\">Finantsjuhi teenus<\/a> (4)\n<\/li>\n\t<li class=\"cat-item cat-item-81\"><a href=\"https:\/\/grow.ee\/fi\/category\/kapitali-kaasamine\/\">Kapitali kaasamine<\/a> (2)\n<\/li>\n\t<li class=\"cat-item cat-item-13\"><a href=\"https:\/\/grow.ee\/fi\/category\/maksud\/\">Maksud<\/a> (24)\n<\/li>\n\t<li class=\"cat-item cat-item-78\"><a href=\"https:\/\/grow.ee\/fi\/category\/palgaarvestus\/\">Palgaarvestus<\/a> (3)\n<\/li>\n\t<li class=\"cat-item cat-item-85\"><a href=\"https:\/\/grow.ee\/fi\/category\/personaliteenus\/\">Personaliteenus<\/a> (1)\n<\/li>\n\t<li class=\"cat-item cat-item-7\"><a href=\"https:\/\/grow.ee\/fi\/category\/raamatupidamine\/\">Raamatupidamine<\/a> (114)\n<\/li>\n\t<li class=\"cat-item cat-item-84\"><a href=\"https:\/\/grow.ee\/fi\/category\/soome-raamatupidamine\/\">Soome raamatupidamine<\/a> (1)\n<\/li>\n\t\t\t<\/ul>\n\n\t\t\t<\/aside><\/ul>\n\n\n\t\t<\/div>\n\t\t\t\t\t<\/div>\n\n\t\n\n<\/div>\n\n  \n    <div class=\"row large-columns-3 medium-columns-1 small-columns-1\" >\n  <div class=\"col post-item\" >\n\t\t\t<div class=\"col-inner\">\n\t\t\t\t<div class=\"box box-normal box-text-bottom box-blog-post has-hover\">\n            \t\t\t\t\t<div class=\"box-image\" >\n  \t\t\t\t\t\t<div class=\"image-cover\" style=\"padding-top:56.25%;\">\n\t\t\t\t\t\t\t<a href=\"https:\/\/grow.ee\/fi\/raagi-raamatupidajaga-valdi-lisakulusid\/\" class=\"plain\" aria-label=\"R\u00e4\u00e4gi raamatupidajaga \u2013 v\u00e4ldi lisakulusid\">\n\t\t\t\t\t\t\t\t<img loading=\"lazy\" decoding=\"async\" width=\"300\" height=\"169\" src=\"https:\/\/grow.ee\/wp-content\/uploads\/2026\/02\/Raamatupidaja-Grow-Finance-300x169.jpg\" class=\"attachment-medium size-medium wp-post-image\" alt=\"\" srcset=\"https:\/\/grow.ee\/wp-content\/uploads\/2026\/02\/Raamatupidaja-Grow-Finance-300x169.jpg 300w, https:\/\/grow.ee\/wp-content\/uploads\/2026\/02\/Raamatupidaja-Grow-Finance-720x405.jpg 720w, https:\/\/grow.ee\/wp-content\/uploads\/2026\/02\/Raamatupidaja-Grow-Finance-768x432.jpg 768w, https:\/\/grow.ee\/wp-content\/uploads\/2026\/02\/Raamatupidaja-Grow-Finance-1536x864.jpg 1536w, https:\/\/grow.ee\/wp-content\/uploads\/2026\/02\/Raamatupidaja-Grow-Finance-2048x1152.jpg 2048w, https:\/\/grow.ee\/wp-content\/uploads\/2026\/02\/Raamatupidaja-Grow-Finance-18x10.jpg 18w\" sizes=\"auto, (max-width: 300px) 100vw, 300px\" \/>\t\t\t\t\t\t\t<\/a>\n  \t\t\t\t\t\t\t<div class=\"overlay\" style=\"background-color: rgba(255, 255, 255, 0)\"><\/div>  \t\t\t\t\t\t\t  \t\t\t\t\t\t<\/div>\n  \t\t\t\t\t\t  \t\t\t\t\t<\/div>\n          \t\t\t\t\t<div class=\"box-text text-center\" style=\"background-color:rgb(232, 237, 244);\">\n\t\t\t\t\t<div class=\"box-text-inner blog-post-inner\">\n\n\t\t\t\t\t\n\t\t\t\t\t\t\t\t\t\t<h5 class=\"post-title is-large \">\n\t\t\t\t\t\t<a href=\"https:\/\/grow.ee\/fi\/raagi-raamatupidajaga-valdi-lisakulusid\/\" class=\"plain\">R\u00e4\u00e4gi raamatupidajaga \u2013 v\u00e4ldi lisakulusid<\/a>\n\t\t\t\t\t<\/h5>\n\t\t\t\t\t<div class=\"post-meta is-small op-8\">27\/02\/2026<\/div>\t\t\t\t\t<div class=\"is-divider\"><\/div>\n\t\t\t\t\t\t\t\t\t\t<p class=\"from_the_blog_excerpt \">\n\t\t\t\t\t\tVarajane suhtlus raamatupidajaga aitab v\u00e4ltida \u00fcllatusi ja leida paremad lahendused sinu ettev\u00f5tte jaoks.\t\t\t\t\t<\/p>\n\t\t\t\t\t                    \n\t\t\t\t\t\n\t\t\t\t\t\n\t\t\t\t\t<\/div>\n\t\t\t\t\t<\/div>\n\t\t\t\t\t\t\t\t\t<\/div>\n\t\t\t<\/div>\n\t\t<\/div><div class=\"col post-item\" >\n\t\t\t<div class=\"col-inner\">\n\t\t\t\t<div class=\"box box-normal box-text-bottom box-blog-post has-hover\">\n            \t\t\t\t\t<div class=\"box-image\" >\n  \t\t\t\t\t\t<div class=\"image-cover\" style=\"padding-top:56.25%;\">\n\t\t\t\t\t\t\t<a href=\"https:\/\/grow.ee\/fi\/kuidas-valtida-topeltmaksustamist\/\" class=\"plain\" aria-label=\"Kuidas v\u00e4ltida topeltmaksustamist, kui osalus on alla 10%?\">\n\t\t\t\t\t\t\t\t<img loading=\"lazy\" decoding=\"async\" width=\"300\" height=\"169\" src=\"https:\/\/grow.ee\/wp-content\/uploads\/2026\/02\/Topeltmaksustamine-300x169.jpg\" class=\"attachment-medium size-medium wp-post-image\" alt=\"\" srcset=\"https:\/\/grow.ee\/wp-content\/uploads\/2026\/02\/Topeltmaksustamine-300x169.jpg 300w, https:\/\/grow.ee\/wp-content\/uploads\/2026\/02\/Topeltmaksustamine-720x405.jpg 720w, https:\/\/grow.ee\/wp-content\/uploads\/2026\/02\/Topeltmaksustamine-768x432.jpg 768w, https:\/\/grow.ee\/wp-content\/uploads\/2026\/02\/Topeltmaksustamine-1536x864.jpg 1536w, https:\/\/grow.ee\/wp-content\/uploads\/2026\/02\/Topeltmaksustamine-18x10.jpg 18w, https:\/\/grow.ee\/wp-content\/uploads\/2026\/02\/Topeltmaksustamine.jpg 1920w\" sizes=\"auto, (max-width: 300px) 100vw, 300px\" \/>\t\t\t\t\t\t\t<\/a>\n  \t\t\t\t\t\t\t<div class=\"overlay\" style=\"background-color: rgba(255, 255, 255, 0)\"><\/div>  \t\t\t\t\t\t\t  \t\t\t\t\t\t<\/div>\n  \t\t\t\t\t\t  \t\t\t\t\t<\/div>\n          \t\t\t\t\t<div class=\"box-text text-center\" style=\"background-color:rgb(232, 237, 244);\">\n\t\t\t\t\t<div class=\"box-text-inner blog-post-inner\">\n\n\t\t\t\t\t\n\t\t\t\t\t\t\t\t\t\t<h5 class=\"post-title is-large \">\n\t\t\t\t\t\t<a href=\"https:\/\/grow.ee\/fi\/kuidas-valtida-topeltmaksustamist\/\" class=\"plain\">Kuidas v\u00e4ltida topeltmaksustamist, kui osalus on alla 10%?<\/a>\n\t\t\t\t\t<\/h5>\n\t\t\t\t\t<div class=\"post-meta is-small op-8\">17\/02\/2026<\/div>\t\t\t\t\t<div class=\"is-divider\"><\/div>\n\t\t\t\t\t\t\t\t\t\t<p class=\"from_the_blog_excerpt \">\n\t\t\t\t\t\tAlla 10% osalusega Eesti ettev\u00f5ttelt saadud dividendid v\u00f5ivad p\u00f5hjustada topeltmaksustamist.\t\t\t\t\t<\/p>\n\t\t\t\t\t                    \n\t\t\t\t\t\n\t\t\t\t\t\n\t\t\t\t\t<\/div>\n\t\t\t\t\t<\/div>\n\t\t\t\t\t\t\t\t\t<\/div>\n\t\t\t<\/div>\n\t\t<\/div><div class=\"col post-item\" >\n\t\t\t<div class=\"col-inner\">\n\t\t\t\t<div class=\"box box-normal box-text-bottom box-blog-post has-hover\">\n            \t\t\t\t\t<div class=\"box-image\" >\n  \t\t\t\t\t\t<div class=\"image-cover\" style=\"padding-top:56.25%;\">\n\t\t\t\t\t\t\t<a href=\"https:\/\/grow.ee\/fi\/kuberoht-algab-juhist\/\" class=\"plain\" aria-label=\"Juht, sinu suurim\u00a0k\u00fcberoht\u00a0algab sinust\">\n\t\t\t\t\t\t\t\t<img loading=\"lazy\" decoding=\"async\" width=\"300\" height=\"169\" src=\"https:\/\/grow.ee\/wp-content\/uploads\/2026\/02\/Kuberturvalisus-300x169.png\" class=\"attachment-medium size-medium wp-post-image\" alt=\"\" srcset=\"https:\/\/grow.ee\/wp-content\/uploads\/2026\/02\/Kuberturvalisus-300x169.png 300w, https:\/\/grow.ee\/wp-content\/uploads\/2026\/02\/Kuberturvalisus-720x405.png 720w, https:\/\/grow.ee\/wp-content\/uploads\/2026\/02\/Kuberturvalisus-768x432.png 768w, https:\/\/grow.ee\/wp-content\/uploads\/2026\/02\/Kuberturvalisus-1536x864.png 1536w, https:\/\/grow.ee\/wp-content\/uploads\/2026\/02\/Kuberturvalisus-18x10.png 18w, https:\/\/grow.ee\/wp-content\/uploads\/2026\/02\/Kuberturvalisus.png 1920w\" sizes=\"auto, (max-width: 300px) 100vw, 300px\" \/>\t\t\t\t\t\t\t<\/a>\n  \t\t\t\t\t\t\t<div class=\"overlay\" style=\"background-color: rgba(255, 255, 255, 0)\"><\/div>  \t\t\t\t\t\t\t  \t\t\t\t\t\t<\/div>\n  \t\t\t\t\t\t  \t\t\t\t\t<\/div>\n          \t\t\t\t\t<div class=\"box-text text-center\" style=\"background-color:rgb(232, 237, 244);\">\n\t\t\t\t\t<div class=\"box-text-inner blog-post-inner\">\n\n\t\t\t\t\t\n\t\t\t\t\t\t\t\t\t\t<h5 class=\"post-title is-large \">\n\t\t\t\t\t\t<a href=\"https:\/\/grow.ee\/fi\/kuberoht-algab-juhist\/\" class=\"plain\">Juht, sinu suurim\u00a0k\u00fcberoht\u00a0algab sinust<\/a>\n\t\t\t\t\t<\/h5>\n\t\t\t\t\t<div class=\"post-meta is-small op-8\">05\/02\/2026<\/div>\t\t\t\t\t<div class=\"is-divider\"><\/div>\n\t\t\t\t\t\t\t\t\t\t<p class=\"from_the_blog_excerpt \">\n\t\t\t\t\t\tK\u00fcberr\u00fcnnak ei alga serverist, vaid juhist. Ole teadlik lihtsatest sammudest, mis kaitsevad sinu ettev\u00f5tet.\t\t\t\t\t<\/p>\n\t\t\t\t\t                    \n\t\t\t\t\t\n\t\t\t\t\t\n\t\t\t\t\t<\/div>\n\t\t\t\t\t<\/div>\n\t\t\t\t\t\t\t\t\t<\/div>\n\t\t\t<\/div>\n\t\t<\/div><div class=\"col post-item\" >\n\t\t\t<div class=\"col-inner\">\n\t\t\t\t<div class=\"box box-normal box-text-bottom box-blog-post has-hover\">\n            \t\t\t\t\t<div class=\"box-image\" >\n  \t\t\t\t\t\t<div class=\"image-cover\" style=\"padding-top:56.25%;\">\n\t\t\t\t\t\t\t<a href=\"https:\/\/grow.ee\/fi\/kruptorahas-saadud-tulu-maksustamine-ja-deklareerimine\/\" class=\"plain\" aria-label=\"Kr\u00fcptorahas saadud tulu maksustamine\">\n\t\t\t\t\t\t\t\t<img loading=\"lazy\" decoding=\"async\" width=\"300\" height=\"167\" src=\"https:\/\/grow.ee\/wp-content\/uploads\/2026\/01\/Kruptoraha-tulu-300x167.jpeg\" class=\"attachment-medium size-medium wp-post-image\" alt=\"\" srcset=\"https:\/\/grow.ee\/wp-content\/uploads\/2026\/01\/Kruptoraha-tulu-300x167.jpeg 300w, https:\/\/grow.ee\/wp-content\/uploads\/2026\/01\/Kruptoraha-tulu-720x402.jpeg 720w, https:\/\/grow.ee\/wp-content\/uploads\/2026\/01\/Kruptoraha-tulu-768x429.jpeg 768w, https:\/\/grow.ee\/wp-content\/uploads\/2026\/01\/Kruptoraha-tulu-1536x857.jpeg 1536w, https:\/\/grow.ee\/wp-content\/uploads\/2026\/01\/Kruptoraha-tulu-2048x1143.jpeg 2048w, https:\/\/grow.ee\/wp-content\/uploads\/2026\/01\/Kruptoraha-tulu-18x10.jpeg 18w\" sizes=\"auto, (max-width: 300px) 100vw, 300px\" \/>\t\t\t\t\t\t\t<\/a>\n  \t\t\t\t\t\t\t<div class=\"overlay\" style=\"background-color: rgba(255, 255, 255, 0)\"><\/div>  \t\t\t\t\t\t\t  \t\t\t\t\t\t<\/div>\n  \t\t\t\t\t\t  \t\t\t\t\t<\/div>\n          \t\t\t\t\t<div class=\"box-text text-center\" style=\"background-color:rgb(232, 237, 244);\">\n\t\t\t\t\t<div class=\"box-text-inner blog-post-inner\">\n\n\t\t\t\t\t\n\t\t\t\t\t\t\t\t\t\t<h5 class=\"post-title is-large \">\n\t\t\t\t\t\t<a href=\"https:\/\/grow.ee\/fi\/kruptorahas-saadud-tulu-maksustamine-ja-deklareerimine\/\" class=\"plain\">Kr\u00fcptorahas saadud tulu maksustamine<\/a>\n\t\t\t\t\t<\/h5>\n\t\t\t\t\t<div class=\"post-meta is-small op-8\">14\/01\/2026<\/div>\t\t\t\t\t<div class=\"is-divider\"><\/div>\n\t\t\t\t\t\t\t\t\t\t<p class=\"from_the_blog_excerpt \">\n\t\t\t\t\t\tKr\u00fcptovara k\u00e4sitletakse Eestis finantsvarana, kasum deklareeritakse ja maksustatakse.\t\t\t\t\t<\/p>\n\t\t\t\t\t                    \n\t\t\t\t\t\n\t\t\t\t\t\n\t\t\t\t\t<\/div>\n\t\t\t\t\t<\/div>\n\t\t\t\t\t\t\t\t\t<\/div>\n\t\t\t<\/div>\n\t\t<\/div><div class=\"col post-item\" >\n\t\t\t<div class=\"col-inner\">\n\t\t\t\t<div class=\"box box-normal box-text-bottom box-blog-post has-hover\">\n            \t\t\t\t\t<div class=\"box-image\" >\n  \t\t\t\t\t\t<div class=\"image-cover\" style=\"padding-top:56.25%;\">\n\t\t\t\t\t\t\t<a href=\"https:\/\/grow.ee\/fi\/2026-aasta-kalendaarne-tooajafond\/\" class=\"plain\" aria-label=\"2026. aasta kalendaarne t\u00f6\u00f6ajafond\">\n\t\t\t\t\t\t\t\t<img loading=\"lazy\" decoding=\"async\" width=\"300\" height=\"167\" src=\"https:\/\/grow.ee\/wp-content\/uploads\/2025\/12\/2026-tooajafond-300x167.png\" class=\"attachment-medium size-medium wp-post-image\" alt=\"\" srcset=\"https:\/\/grow.ee\/wp-content\/uploads\/2025\/12\/2026-tooajafond-300x167.png 300w, https:\/\/grow.ee\/wp-content\/uploads\/2025\/12\/2026-tooajafond-720x402.png 720w, https:\/\/grow.ee\/wp-content\/uploads\/2025\/12\/2026-tooajafond-768x429.png 768w, https:\/\/grow.ee\/wp-content\/uploads\/2025\/12\/2026-tooajafond-1536x857.png 1536w, https:\/\/grow.ee\/wp-content\/uploads\/2025\/12\/2026-tooajafond-2048x1143.png 2048w, https:\/\/grow.ee\/wp-content\/uploads\/2025\/12\/2026-tooajafond-18x10.png 18w\" sizes=\"auto, (max-width: 300px) 100vw, 300px\" \/>\t\t\t\t\t\t\t<\/a>\n  \t\t\t\t\t\t\t<div class=\"overlay\" style=\"background-color: rgba(255, 255, 255, 0)\"><\/div>  \t\t\t\t\t\t\t  \t\t\t\t\t\t<\/div>\n  \t\t\t\t\t\t  \t\t\t\t\t<\/div>\n          \t\t\t\t\t<div class=\"box-text text-center\" style=\"background-color:rgb(232, 237, 244);\">\n\t\t\t\t\t<div class=\"box-text-inner blog-post-inner\">\n\n\t\t\t\t\t\n\t\t\t\t\t\t\t\t\t\t<h5 class=\"post-title is-large \">\n\t\t\t\t\t\t<a href=\"https:\/\/grow.ee\/fi\/2026-aasta-kalendaarne-tooajafond\/\" class=\"plain\">2026. aasta kalendaarne t\u00f6\u00f6ajafond<\/a>\n\t\t\t\t\t<\/h5>\n\t\t\t\t\t<div class=\"post-meta is-small op-8\">04\/12\/2025<\/div>\t\t\t\t\t<div class=\"is-divider\"><\/div>\n\t\t\t\t\t\t\t\t\t\t<p class=\"from_the_blog_excerpt \">\n\t\t\t\t\t\tLae alla endale tabel 2026. aasta kalendaarse t\u00f6\u00f6ajafondi infoga\t\t\t\t\t<\/p>\n\t\t\t\t\t                    \n\t\t\t\t\t\n\t\t\t\t\t\n\t\t\t\t\t<\/div>\n\t\t\t\t\t<\/div>\n\t\t\t\t\t\t\t\t\t<\/div>\n\t\t\t<\/div>\n\t\t<\/div><div class=\"col post-item\" >\n\t\t\t<div class=\"col-inner\">\n\t\t\t\t<div class=\"box box-normal box-text-bottom box-blog-post has-hover\">\n            \t\t\t\t\t<div class=\"box-image\" >\n  \t\t\t\t\t\t<div class=\"image-cover\" style=\"padding-top:56.25%;\">\n\t\t\t\t\t\t\t<a href=\"https:\/\/grow.ee\/fi\/maksuvaba-tulu-2026\/\" class=\"plain\" aria-label=\"Maksuvaba tulu 2026\">\n\t\t\t\t\t\t\t\t<img loading=\"lazy\" decoding=\"async\" width=\"300\" height=\"169\" src=\"https:\/\/grow.ee\/wp-content\/uploads\/2025\/12\/Maksuvaba-tulu-300x169.jpg\" class=\"attachment-medium size-medium wp-post-image\" alt=\"\" srcset=\"https:\/\/grow.ee\/wp-content\/uploads\/2025\/12\/Maksuvaba-tulu-300x169.jpg 300w, https:\/\/grow.ee\/wp-content\/uploads\/2025\/12\/Maksuvaba-tulu-720x405.jpg 720w, https:\/\/grow.ee\/wp-content\/uploads\/2025\/12\/Maksuvaba-tulu-768x432.jpg 768w, https:\/\/grow.ee\/wp-content\/uploads\/2025\/12\/Maksuvaba-tulu-1536x864.jpg 1536w, https:\/\/grow.ee\/wp-content\/uploads\/2025\/12\/Maksuvaba-tulu-2048x1152.jpg 2048w, https:\/\/grow.ee\/wp-content\/uploads\/2025\/12\/Maksuvaba-tulu-18x10.jpg 18w\" sizes=\"auto, (max-width: 300px) 100vw, 300px\" \/>\t\t\t\t\t\t\t<\/a>\n  \t\t\t\t\t\t\t<div class=\"overlay\" style=\"background-color: rgba(255, 255, 255, 0)\"><\/div>  \t\t\t\t\t\t\t  \t\t\t\t\t\t<\/div>\n  \t\t\t\t\t\t  \t\t\t\t\t<\/div>\n          \t\t\t\t\t<div class=\"box-text text-center\" style=\"background-color:rgb(232, 237, 244);\">\n\t\t\t\t\t<div class=\"box-text-inner blog-post-inner\">\n\n\t\t\t\t\t\n\t\t\t\t\t\t\t\t\t\t<h5 class=\"post-title is-large \">\n\t\t\t\t\t\t<a href=\"https:\/\/grow.ee\/fi\/maksuvaba-tulu-2026\/\" class=\"plain\">Maksuvaba tulu 2026<\/a>\n\t\t\t\t\t<\/h5>\n\t\t\t\t\t<div class=\"post-meta is-small op-8\">02\/12\/2025<\/div>\t\t\t\t\t<div class=\"is-divider\"><\/div>\n\t\t\t\t\t\t\t\t\t\t<p class=\"from_the_blog_excerpt \">\n\t\t\t\t\t\tAlates 2026 kehtib k\u00f5igile t\u00f6\u00f6ealistele maksuvaba tulu 700 \u20ac kuus, kaob maksuk\u00fc\u00fcr, tulumaks j\u00e4\u00e4b 22%.\t\t\t\t\t<\/p>\n\t\t\t\t\t                    \n\t\t\t\t\t\n\t\t\t\t\t\n\t\t\t\t\t<\/div>\n\t\t\t\t\t<\/div>\n\t\t\t\t\t\t\t\t\t<\/div>\n\t\t\t<\/div>\n\t\t<\/div><div class=\"col post-item\" >\n\t\t\t<div class=\"col-inner\">\n\t\t\t\t<div class=\"box box-normal box-text-bottom box-blog-post has-hover\">\n            \t\t\t\t\t<div class=\"box-image\" >\n  \t\t\t\t\t\t<div class=\"image-cover\" style=\"padding-top:56.25%;\">\n\t\t\t\t\t\t\t<a href=\"https:\/\/grow.ee\/fi\/ajutine-pearaamatupidaja\/\" class=\"plain\" aria-label=\"Ajutine pearaamatupidaja kriitilisel hetkel\">\n\t\t\t\t\t\t\t\t<img loading=\"lazy\" decoding=\"async\" width=\"300\" height=\"169\" src=\"https:\/\/grow.ee\/wp-content\/uploads\/2025\/11\/Ajutine-pearaamatupidaja-300x169.jpg\" class=\"attachment-medium size-medium wp-post-image\" alt=\"\" srcset=\"https:\/\/grow.ee\/wp-content\/uploads\/2025\/11\/Ajutine-pearaamatupidaja-300x169.jpg 300w, https:\/\/grow.ee\/wp-content\/uploads\/2025\/11\/Ajutine-pearaamatupidaja-720x405.jpg 720w, https:\/\/grow.ee\/wp-content\/uploads\/2025\/11\/Ajutine-pearaamatupidaja-768x432.jpg 768w, https:\/\/grow.ee\/wp-content\/uploads\/2025\/11\/Ajutine-pearaamatupidaja-1536x864.jpg 1536w, https:\/\/grow.ee\/wp-content\/uploads\/2025\/11\/Ajutine-pearaamatupidaja-2048x1152.jpg 2048w, https:\/\/grow.ee\/wp-content\/uploads\/2025\/11\/Ajutine-pearaamatupidaja-18x10.jpg 18w\" sizes=\"auto, (max-width: 300px) 100vw, 300px\" \/>\t\t\t\t\t\t\t<\/a>\n  \t\t\t\t\t\t\t<div class=\"overlay\" style=\"background-color: rgba(255, 255, 255, 0)\"><\/div>  \t\t\t\t\t\t\t  \t\t\t\t\t\t<\/div>\n  \t\t\t\t\t\t  \t\t\t\t\t<\/div>\n          \t\t\t\t\t<div class=\"box-text text-center\" style=\"background-color:rgb(232, 237, 244);\">\n\t\t\t\t\t<div class=\"box-text-inner blog-post-inner\">\n\n\t\t\t\t\t\n\t\t\t\t\t\t\t\t\t\t<h5 class=\"post-title is-large \">\n\t\t\t\t\t\t<a href=\"https:\/\/grow.ee\/fi\/ajutine-pearaamatupidaja\/\" class=\"plain\">Ajutine pearaamatupidaja kriitilisel hetkel<\/a>\n\t\t\t\t\t<\/h5>\n\t\t\t\t\t<div class=\"post-meta is-small op-8\">27\/11\/2025<\/div>\t\t\t\t\t<div class=\"is-divider\"><\/div>\n\t\t\t\t\t\t\t\t\t\t<p class=\"from_the_blog_excerpt \">\n\t\t\t\t\t\tAjutine pearaamatupidaja hoiab finantsjuhtimise stabiilsena kriitilistel hetkedel.\t\t\t\t\t<\/p>\n\t\t\t\t\t                    \n\t\t\t\t\t\n\t\t\t\t\t\n\t\t\t\t\t<\/div>\n\t\t\t\t\t<\/div>\n\t\t\t\t\t\t\t\t\t<\/div>\n\t\t\t<\/div>\n\t\t<\/div><div class=\"col post-item\" >\n\t\t\t<div class=\"col-inner\">\n\t\t\t\t<div class=\"box box-normal box-text-bottom box-blog-post has-hover\">\n            \t\t\t\t\t<div class=\"box-image\" >\n  \t\t\t\t\t\t<div class=\"image-cover\" style=\"padding-top:56.25%;\">\n\t\t\t\t\t\t\t<a href=\"https:\/\/grow.ee\/fi\/tehisintellekt-raamatupidamises\/\" class=\"plain\" aria-label=\"Tehisintellekt raamatupidamises: t\u00e4nased trendid ja homsed v\u00f5imalused.\">\n\t\t\t\t\t\t\t\t<img loading=\"lazy\" decoding=\"async\" width=\"300\" height=\"169\" src=\"https:\/\/grow.ee\/wp-content\/uploads\/2025\/11\/Tehisintellekt-raamatupidamises-300x169.jpg\" class=\"attachment-medium size-medium wp-post-image\" alt=\"\" srcset=\"https:\/\/grow.ee\/wp-content\/uploads\/2025\/11\/Tehisintellekt-raamatupidamises-300x169.jpg 300w, https:\/\/grow.ee\/wp-content\/uploads\/2025\/11\/Tehisintellekt-raamatupidamises-720x405.jpg 720w, https:\/\/grow.ee\/wp-content\/uploads\/2025\/11\/Tehisintellekt-raamatupidamises-768x432.jpg 768w, https:\/\/grow.ee\/wp-content\/uploads\/2025\/11\/Tehisintellekt-raamatupidamises-1536x864.jpg 1536w, https:\/\/grow.ee\/wp-content\/uploads\/2025\/11\/Tehisintellekt-raamatupidamises-2048x1152.jpg 2048w, https:\/\/grow.ee\/wp-content\/uploads\/2025\/11\/Tehisintellekt-raamatupidamises-18x10.jpg 18w\" sizes=\"auto, (max-width: 300px) 100vw, 300px\" \/>\t\t\t\t\t\t\t<\/a>\n  \t\t\t\t\t\t\t<div class=\"overlay\" style=\"background-color: rgba(255, 255, 255, 0)\"><\/div>  \t\t\t\t\t\t\t  \t\t\t\t\t\t<\/div>\n  \t\t\t\t\t\t  \t\t\t\t\t<\/div>\n          \t\t\t\t\t<div class=\"box-text text-center\" style=\"background-color:rgb(232, 237, 244);\">\n\t\t\t\t\t<div class=\"box-text-inner blog-post-inner\">\n\n\t\t\t\t\t\n\t\t\t\t\t\t\t\t\t\t<h5 class=\"post-title is-large \">\n\t\t\t\t\t\t<a href=\"https:\/\/grow.ee\/fi\/tehisintellekt-raamatupidamises\/\" class=\"plain\">Tehisintellekt raamatupidamises: t\u00e4nased trendid ja homsed v\u00f5imalused.<\/a>\n\t\t\t\t\t<\/h5>\n\t\t\t\t\t<div class=\"post-meta is-small op-8\">17\/11\/2025<\/div>\t\t\t\t\t<div class=\"is-divider\"><\/div>\n\t\t\t\t\t\t\t\t\t\t<p class=\"from_the_blog_excerpt \">\n\t\t\t\t\t\tTehisintellekt muudab raamatupidamist: v\u00e4hem k\u00e4sit\u00f6\u00f6d, rohkem t\u00e4psust ja strateegiat.\t\t\t\t\t<\/p>\n\t\t\t\t\t                    \n\t\t\t\t\t\n\t\t\t\t\t\n\t\t\t\t\t<\/div>\n\t\t\t\t\t<\/div>\n\t\t\t\t\t\t\t\t\t<\/div>\n\t\t\t<\/div>\n\t\t<\/div><div class=\"col post-item\" >\n\t\t\t<div class=\"col-inner\">\n\t\t\t\t<div class=\"box box-normal box-text-bottom box-blog-post has-hover\">\n            \t\t\t\t\t<div class=\"box-image\" >\n  \t\t\t\t\t\t<div class=\"image-cover\" style=\"padding-top:56.25%;\">\n\t\t\t\t\t\t\t<a href=\"https:\/\/grow.ee\/fi\/brutopalk-vs-netopalk\/\" class=\"plain\" aria-label=\"Brutopalk vs netopalk \u2013 miks see vahe on oluline?\">\n\t\t\t\t\t\t\t\t<img loading=\"lazy\" decoding=\"async\" width=\"300\" height=\"200\" src=\"https:\/\/grow.ee\/wp-content\/uploads\/2025\/11\/Brutopalk-vs-netopalk-300x200.jpg\" class=\"attachment-medium size-medium wp-post-image\" alt=\"\" srcset=\"https:\/\/grow.ee\/wp-content\/uploads\/2025\/11\/Brutopalk-vs-netopalk-300x200.jpg 300w, https:\/\/grow.ee\/wp-content\/uploads\/2025\/11\/Brutopalk-vs-netopalk-720x480.jpg 720w, https:\/\/grow.ee\/wp-content\/uploads\/2025\/11\/Brutopalk-vs-netopalk-768x512.jpg 768w, https:\/\/grow.ee\/wp-content\/uploads\/2025\/11\/Brutopalk-vs-netopalk-1536x1025.jpg 1536w, https:\/\/grow.ee\/wp-content\/uploads\/2025\/11\/Brutopalk-vs-netopalk-2048x1366.jpg 2048w, https:\/\/grow.ee\/wp-content\/uploads\/2025\/11\/Brutopalk-vs-netopalk-18x12.jpg 18w\" sizes=\"auto, (max-width: 300px) 100vw, 300px\" \/>\t\t\t\t\t\t\t<\/a>\n  \t\t\t\t\t\t\t<div class=\"overlay\" style=\"background-color: rgba(255, 255, 255, 0)\"><\/div>  \t\t\t\t\t\t\t  \t\t\t\t\t\t<\/div>\n  \t\t\t\t\t\t  \t\t\t\t\t<\/div>\n          \t\t\t\t\t<div class=\"box-text text-center\" style=\"background-color:rgb(232, 237, 244);\">\n\t\t\t\t\t<div class=\"box-text-inner blog-post-inner\">\n\n\t\t\t\t\t\n\t\t\t\t\t\t\t\t\t\t<h5 class=\"post-title is-large \">\n\t\t\t\t\t\t<a href=\"https:\/\/grow.ee\/fi\/brutopalk-vs-netopalk\/\" class=\"plain\">Brutopalk vs netopalk \u2013 miks see vahe on oluline?<\/a>\n\t\t\t\t\t<\/h5>\n\t\t\t\t\t<div class=\"post-meta is-small op-8\">11\/11\/2025<\/div>\t\t\t\t\t<div class=\"is-divider\"><\/div>\n\t\t\t\t\t\t\t\t\t\t<p class=\"from_the_blog_excerpt \">\n\t\t\t\t\t\tBrutopalk tagab selguse ja stabiilsuse, netopalk toob riske ja segadust. Eestis lepi alati kokku brutopalgas.\t\t\t\t\t<\/p>\n\t\t\t\t\t                    \n\t\t\t\t\t\n\t\t\t\t\t\n\t\t\t\t\t<\/div>\n\t\t\t\t\t<\/div>\n\t\t\t\t\t\t\t\t\t<\/div>\n\t\t\t<\/div>\n\t\t<\/div><div class=\"col post-item\" >\n\t\t\t<div class=\"col-inner\">\n\t\t\t\t<div class=\"box box-normal box-text-bottom box-blog-post has-hover\">\n            \t\t\t\t\t<div class=\"box-image\" >\n  \t\t\t\t\t\t<div class=\"image-cover\" style=\"padding-top:56.25%;\">\n\t\t\t\t\t\t\t<a href=\"https:\/\/grow.ee\/fi\/millega-tuleb-arvestada-kui-alustad-e-kaubandusega-euroopas\/\" class=\"plain\" aria-label=\"Millega tuleb arvestada, kui alustad e-kaubandusega\u00a0Euroopas?\">\n\t\t\t\t\t\t\t\t<img loading=\"lazy\" decoding=\"async\" width=\"300\" height=\"164\" src=\"https:\/\/grow.ee\/wp-content\/uploads\/2025\/11\/IOSS-ja-OSS-Grow-Finance-300x164.jpeg\" class=\"attachment-medium size-medium wp-post-image\" alt=\"\" srcset=\"https:\/\/grow.ee\/wp-content\/uploads\/2025\/11\/IOSS-ja-OSS-Grow-Finance-300x164.jpeg 300w, https:\/\/grow.ee\/wp-content\/uploads\/2025\/11\/IOSS-ja-OSS-Grow-Finance-720x393.jpeg 720w, https:\/\/grow.ee\/wp-content\/uploads\/2025\/11\/IOSS-ja-OSS-Grow-Finance-768x419.jpeg 768w, https:\/\/grow.ee\/wp-content\/uploads\/2025\/11\/IOSS-ja-OSS-Grow-Finance-18x10.jpeg 18w, https:\/\/grow.ee\/wp-content\/uploads\/2025\/11\/IOSS-ja-OSS-Grow-Finance.jpeg 1408w\" sizes=\"auto, (max-width: 300px) 100vw, 300px\" \/>\t\t\t\t\t\t\t<\/a>\n  \t\t\t\t\t\t\t<div class=\"overlay\" style=\"background-color: rgba(255, 255, 255, 0)\"><\/div>  \t\t\t\t\t\t\t  \t\t\t\t\t\t<\/div>\n  \t\t\t\t\t\t  \t\t\t\t\t<\/div>\n          \t\t\t\t\t<div class=\"box-text text-center\" style=\"background-color:rgb(232, 237, 244);\">\n\t\t\t\t\t<div class=\"box-text-inner blog-post-inner\">\n\n\t\t\t\t\t\n\t\t\t\t\t\t\t\t\t\t<h5 class=\"post-title is-large \">\n\t\t\t\t\t\t<a href=\"https:\/\/grow.ee\/fi\/millega-tuleb-arvestada-kui-alustad-e-kaubandusega-euroopas\/\" class=\"plain\">Millega tuleb arvestada, kui alustad e-kaubandusega\u00a0Euroopas?<\/a>\n\t\t\t\t\t<\/h5>\n\t\t\t\t\t<div class=\"post-meta is-small op-8\">04\/11\/2025<\/div>\t\t\t\t\t<div class=\"is-divider\"><\/div>\n\t\t\t\t\t\t\t\t\t\t<p class=\"from_the_blog_excerpt \">\n\t\t\t\t\t\tLoe, kuidas v\u00e4ltida peamisi takistusi ja millised strateegiad aitavad e-\u00e4ris kiiremini kasvada!\t\t\t\t\t<\/p>\n\t\t\t\t\t                    \n\t\t\t\t\t\n\t\t\t\t\t\n\t\t\t\t\t<\/div>\n\t\t\t\t\t<\/div>\n\t\t\t\t\t\t\t\t\t<\/div>\n\t\t\t<\/div>\n\t\t<\/div><div class=\"col post-item\" >\n\t\t\t<div class=\"col-inner\">\n\t\t\t\t<div class=\"box box-normal box-text-bottom box-blog-post has-hover\">\n            \t\t\t\t\t<div class=\"box-image\" >\n  \t\t\t\t\t\t<div class=\"image-cover\" style=\"padding-top:56.25%;\">\n\t\t\t\t\t\t\t<a href=\"https:\/\/grow.ee\/fi\/ajutine-finantsjuht-strateegiline-tugi-pusiva-cfo-leidmise-ajal\/\" class=\"plain\" aria-label=\"Ajutine finantsjuht \u2013 strateegiline tugi p\u00fcsiva CFO leidmise ajal\">\n\t\t\t\t\t\t\t\t<img loading=\"lazy\" decoding=\"async\" width=\"300\" height=\"169\" src=\"https:\/\/grow.ee\/wp-content\/uploads\/2025\/10\/Ingvar-CFO-blogi-300x169.jpg\" class=\"attachment-medium size-medium wp-post-image\" alt=\"\" srcset=\"https:\/\/grow.ee\/wp-content\/uploads\/2025\/10\/Ingvar-CFO-blogi-300x169.jpg 300w, https:\/\/grow.ee\/wp-content\/uploads\/2025\/10\/Ingvar-CFO-blogi-720x405.jpg 720w, https:\/\/grow.ee\/wp-content\/uploads\/2025\/10\/Ingvar-CFO-blogi-768x432.jpg 768w, https:\/\/grow.ee\/wp-content\/uploads\/2025\/10\/Ingvar-CFO-blogi-1536x864.jpg 1536w, https:\/\/grow.ee\/wp-content\/uploads\/2025\/10\/Ingvar-CFO-blogi-18x10.jpg 18w, https:\/\/grow.ee\/wp-content\/uploads\/2025\/10\/Ingvar-CFO-blogi.jpg 1920w\" sizes=\"auto, (max-width: 300px) 100vw, 300px\" \/>\t\t\t\t\t\t\t<\/a>\n  \t\t\t\t\t\t\t<div class=\"overlay\" style=\"background-color: rgba(255, 255, 255, 0)\"><\/div>  \t\t\t\t\t\t\t  \t\t\t\t\t\t<\/div>\n  \t\t\t\t\t\t  \t\t\t\t\t<\/div>\n          \t\t\t\t\t<div class=\"box-text text-center\" style=\"background-color:rgb(232, 237, 244);\">\n\t\t\t\t\t<div class=\"box-text-inner blog-post-inner\">\n\n\t\t\t\t\t\n\t\t\t\t\t\t\t\t\t\t<h5 class=\"post-title is-large \">\n\t\t\t\t\t\t<a href=\"https:\/\/grow.ee\/fi\/ajutine-finantsjuht-strateegiline-tugi-pusiva-cfo-leidmise-ajal\/\" class=\"plain\">Ajutine finantsjuht \u2013 strateegiline tugi p\u00fcsiva CFO leidmise ajal<\/a>\n\t\t\t\t\t<\/h5>\n\t\t\t\t\t<div class=\"post-meta is-small op-8\">24\/10\/2025<\/div>\t\t\t\t\t<div class=\"is-divider\"><\/div>\n\t\t\t\t\t\t\t\t\t\t<p class=\"from_the_blog_excerpt \">\n\t\t\t\t\t\tJuhtimisl\u00fcnk ei pea t\u00e4hendama riske \u2013 ajutine CFO toob stabiilsuse ja strateegia.\t\t\t\t\t<\/p>\n\t\t\t\t\t                    \n\t\t\t\t\t\n\t\t\t\t\t\n\t\t\t\t\t<\/div>\n\t\t\t\t\t<\/div>\n\t\t\t\t\t\t\t\t\t<\/div>\n\t\t\t<\/div>\n\t\t<\/div><div class=\"col post-item\" >\n\t\t\t<div class=\"col-inner\">\n\t\t\t\t<div class=\"box box-normal box-text-bottom box-blog-post has-hover\">\n            \t\t\t\t\t<div class=\"box-image\" >\n  \t\t\t\t\t\t<div class=\"image-cover\" style=\"padding-top:56.25%;\">\n\t\t\t\t\t\t\t<a href=\"https:\/\/grow.ee\/fi\/maksuheitluste-tuules\/\" class=\"plain\" aria-label=\"Maksuheitluste tuules: kas suudame hoida tasakaalu?\">\n\t\t\t\t\t\t\t\t<img loading=\"lazy\" decoding=\"async\" width=\"300\" height=\"169\" src=\"https:\/\/grow.ee\/wp-content\/uploads\/2025\/10\/Grow-maksublogi-300x169.jpg\" class=\"attachment-medium size-medium wp-post-image\" alt=\"\" srcset=\"https:\/\/grow.ee\/wp-content\/uploads\/2025\/10\/Grow-maksublogi-300x169.jpg 300w, https:\/\/grow.ee\/wp-content\/uploads\/2025\/10\/Grow-maksublogi-720x405.jpg 720w, https:\/\/grow.ee\/wp-content\/uploads\/2025\/10\/Grow-maksublogi-768x432.jpg 768w, https:\/\/grow.ee\/wp-content\/uploads\/2025\/10\/Grow-maksublogi-1536x865.jpg 1536w, https:\/\/grow.ee\/wp-content\/uploads\/2025\/10\/Grow-maksublogi-2048x1153.jpg 2048w, https:\/\/grow.ee\/wp-content\/uploads\/2025\/10\/Grow-maksublogi-18x10.jpg 18w\" sizes=\"auto, (max-width: 300px) 100vw, 300px\" \/>\t\t\t\t\t\t\t<\/a>\n  \t\t\t\t\t\t\t<div class=\"overlay\" style=\"background-color: rgba(255, 255, 255, 0)\"><\/div>  \t\t\t\t\t\t\t  \t\t\t\t\t\t<\/div>\n  \t\t\t\t\t\t  \t\t\t\t\t<\/div>\n          \t\t\t\t\t<div class=\"box-text text-center\" style=\"background-color:rgb(232, 237, 244);\">\n\t\t\t\t\t<div class=\"box-text-inner blog-post-inner\">\n\n\t\t\t\t\t\n\t\t\t\t\t\t\t\t\t\t<h5 class=\"post-title is-large \">\n\t\t\t\t\t\t<a href=\"https:\/\/grow.ee\/fi\/maksuheitluste-tuules\/\" class=\"plain\">Maksuheitluste tuules: kas suudame hoida tasakaalu?<\/a>\n\t\t\t\t\t<\/h5>\n\t\t\t\t\t<div class=\"post-meta is-small op-8\">07\/10\/2025<\/div>\t\t\t\t\t<div class=\"is-divider\"><\/div>\n\t\t\t\t\t\t\t\t\t\t<p class=\"from_the_blog_excerpt \">\n\t\t\t\t\t\tMaksumuudatused raputavad Eesti ettev\u00f5tlust ja igap\u00e4evaelu. Uus blogi aitab sul muutustega kursis olla,\t\t\t\t\t<\/p>\n\t\t\t\t\t                    \n\t\t\t\t\t\n\t\t\t\t\t\n\t\t\t\t\t<\/div>\n\t\t\t\t\t<\/div>\n\t\t\t\t\t\t\t\t\t<\/div>\n\t\t\t<\/div>\n\t\t<\/div><div class=\"col post-item\" >\n\t\t\t<div class=\"col-inner\">\n\t\t\t\t<div class=\"box box-normal box-text-bottom box-blog-post has-hover\">\n            \t\t\t\t\t<div class=\"box-image\" >\n  \t\t\t\t\t\t<div class=\"image-cover\" style=\"padding-top:56.25%;\">\n\t\t\t\t\t\t\t<a href=\"https:\/\/grow.ee\/fi\/omakapitali-rahastamine\/\" class=\"plain\" aria-label=\"Omakapitali rahastamine \u2013 kas Eesti ettev\u00f5tja on valmis investoriga kohtuma?\u00a0\">\n\t\t\t\t\t\t\t\t<img loading=\"lazy\" decoding=\"async\" width=\"300\" height=\"169\" src=\"https:\/\/grow.ee\/wp-content\/uploads\/2025\/09\/Kapitali-kaasamine-300x169.jpg\" class=\"attachment-medium size-medium wp-post-image\" alt=\"\" srcset=\"https:\/\/grow.ee\/wp-content\/uploads\/2025\/09\/Kapitali-kaasamine-300x169.jpg 300w, https:\/\/grow.ee\/wp-content\/uploads\/2025\/09\/Kapitali-kaasamine-720x405.jpg 720w, https:\/\/grow.ee\/wp-content\/uploads\/2025\/09\/Kapitali-kaasamine-768x432.jpg 768w, https:\/\/grow.ee\/wp-content\/uploads\/2025\/09\/Kapitali-kaasamine-1536x864.jpg 1536w, https:\/\/grow.ee\/wp-content\/uploads\/2025\/09\/Kapitali-kaasamine-2048x1152.jpg 2048w, https:\/\/grow.ee\/wp-content\/uploads\/2025\/09\/Kapitali-kaasamine-18x10.jpg 18w\" sizes=\"auto, (max-width: 300px) 100vw, 300px\" \/>\t\t\t\t\t\t\t<\/a>\n  \t\t\t\t\t\t\t<div class=\"overlay\" style=\"background-color: rgba(255, 255, 255, 0)\"><\/div>  \t\t\t\t\t\t\t  \t\t\t\t\t\t<\/div>\n  \t\t\t\t\t\t  \t\t\t\t\t<\/div>\n          \t\t\t\t\t<div class=\"box-text text-center\" style=\"background-color:rgb(232, 237, 244);\">\n\t\t\t\t\t<div class=\"box-text-inner blog-post-inner\">\n\n\t\t\t\t\t\n\t\t\t\t\t\t\t\t\t\t<h5 class=\"post-title is-large \">\n\t\t\t\t\t\t<a href=\"https:\/\/grow.ee\/fi\/omakapitali-rahastamine\/\" class=\"plain\">Omakapitali rahastamine \u2013 kas Eesti ettev\u00f5tja on valmis investoriga kohtuma?\u00a0<\/a>\n\t\t\t\t\t<\/h5>\n\t\t\t\t\t<div class=\"post-meta is-small op-8\">16\/09\/2025<\/div>\t\t\t\t\t<div class=\"is-divider\"><\/div>\n\t\t\t\t\t\t\t\t\t\t<p class=\"from_the_blog_excerpt \">\n\t\t\t\t\t\tKasvata oma ettev\u00f5tet nutikalt \u2013 omakapitali rahastamine toob kaasa investorite teadmised, kontaktid ja strateegilise vaate.\t\t\t\t\t<\/p>\n\t\t\t\t\t                    \n\t\t\t\t\t\n\t\t\t\t\t\n\t\t\t\t\t<\/div>\n\t\t\t\t\t<\/div>\n\t\t\t\t\t\t\t\t\t<\/div>\n\t\t\t<\/div>\n\t\t<\/div><div class=\"col post-item\" >\n\t\t\t<div class=\"col-inner\">\n\t\t\t\t<div class=\"box box-normal box-text-bottom box-blog-post has-hover\">\n            \t\t\t\t\t<div class=\"box-image\" >\n  \t\t\t\t\t\t<div class=\"image-cover\" style=\"padding-top:56.25%;\">\n\t\t\t\t\t\t\t<a href=\"https:\/\/grow.ee\/fi\/loome-turvalisemat-kuberkeskkonda\/\" class=\"plain\" aria-label=\"Loome turvalisemat k\u00fcberkeskkonda\">\n\t\t\t\t\t\t\t\t<img loading=\"lazy\" decoding=\"async\" width=\"300\" height=\"196\" src=\"https:\/\/grow.ee\/wp-content\/uploads\/2025\/09\/Ulvi-GGI-Tallinn-2024-300x196.png\" class=\"attachment-medium size-medium wp-post-image\" alt=\"\" srcset=\"https:\/\/grow.ee\/wp-content\/uploads\/2025\/09\/Ulvi-GGI-Tallinn-2024-300x196.png 300w, https:\/\/grow.ee\/wp-content\/uploads\/2025\/09\/Ulvi-GGI-Tallinn-2024-720x471.png 720w, https:\/\/grow.ee\/wp-content\/uploads\/2025\/09\/Ulvi-GGI-Tallinn-2024-768x502.png 768w, https:\/\/grow.ee\/wp-content\/uploads\/2025\/09\/Ulvi-GGI-Tallinn-2024-1536x1005.png 1536w, https:\/\/grow.ee\/wp-content\/uploads\/2025\/09\/Ulvi-GGI-Tallinn-2024-18x12.png 18w, https:\/\/grow.ee\/wp-content\/uploads\/2025\/09\/Ulvi-GGI-Tallinn-2024.png 1555w\" sizes=\"auto, (max-width: 300px) 100vw, 300px\" \/>\t\t\t\t\t\t\t<\/a>\n  \t\t\t\t\t\t\t<div class=\"overlay\" style=\"background-color: rgba(255, 255, 255, 0)\"><\/div>  \t\t\t\t\t\t\t  \t\t\t\t\t\t<\/div>\n  \t\t\t\t\t\t  \t\t\t\t\t<\/div>\n          \t\t\t\t\t<div class=\"box-text text-center\" style=\"background-color:rgb(232, 237, 244);\">\n\t\t\t\t\t<div class=\"box-text-inner blog-post-inner\">\n\n\t\t\t\t\t\n\t\t\t\t\t\t\t\t\t\t<h5 class=\"post-title is-large \">\n\t\t\t\t\t\t<a href=\"https:\/\/grow.ee\/fi\/loome-turvalisemat-kuberkeskkonda\/\" class=\"plain\">Loome turvalisemat k\u00fcberkeskkonda<\/a>\n\t\t\t\t\t<\/h5>\n\t\t\t\t\t<div class=\"post-meta is-small op-8\">12\/09\/2025<\/div>\t\t\t\t\t<div class=\"is-divider\"><\/div>\n\t\t\t\t\t\t\t\t\t\t<p class=\"from_the_blog_excerpt \">\n\t\t\t\t\t\tK\u00fcberturvalisus ei ole vaid IT-spetsialistide mure. See on teema, millest iga\u00fcks peaks teadlik olema ja [...]\t\t\t\t\t<\/p>\n\t\t\t\t\t                    \n\t\t\t\t\t\n\t\t\t\t\t\n\t\t\t\t\t<\/div>\n\t\t\t\t\t<\/div>\n\t\t\t\t\t\t\t\t\t<\/div>\n\t\t\t<\/div>\n\t\t<\/div><div class=\"col post-item\" >\n\t\t\t<div class=\"col-inner\">\n\t\t\t\t<div class=\"box box-normal box-text-bottom box-blog-post has-hover\">\n            \t\t\t\t\t<div class=\"box-image\" >\n  \t\t\t\t\t\t<div class=\"image-cover\" style=\"padding-top:56.25%;\">\n\t\t\t\t\t\t\t<a href=\"https:\/\/grow.ee\/fi\/tunnustamine-mis-sunnib-seestpoolt\/\" class=\"plain\" aria-label=\"Tunnustamine, mis s\u00fcnnib seestpoolt\">\n\t\t\t\t\t\t\t\t<img loading=\"lazy\" decoding=\"async\" width=\"300\" height=\"169\" src=\"https:\/\/grow.ee\/wp-content\/uploads\/2025\/08\/Grow-Finance-tunnustamine-300x169.jpg\" class=\"attachment-medium size-medium wp-post-image\" alt=\"grow\" srcset=\"https:\/\/grow.ee\/wp-content\/uploads\/2025\/08\/Grow-Finance-tunnustamine-300x169.jpg 300w, https:\/\/grow.ee\/wp-content\/uploads\/2025\/08\/Grow-Finance-tunnustamine-720x405.jpg 720w, https:\/\/grow.ee\/wp-content\/uploads\/2025\/08\/Grow-Finance-tunnustamine-768x432.jpg 768w, https:\/\/grow.ee\/wp-content\/uploads\/2025\/08\/Grow-Finance-tunnustamine-1536x864.jpg 1536w, https:\/\/grow.ee\/wp-content\/uploads\/2025\/08\/Grow-Finance-tunnustamine-2048x1152.jpg 2048w, https:\/\/grow.ee\/wp-content\/uploads\/2025\/08\/Grow-Finance-tunnustamine-18x10.jpg 18w\" sizes=\"auto, (max-width: 300px) 100vw, 300px\" \/>\t\t\t\t\t\t\t<\/a>\n  \t\t\t\t\t\t\t<div class=\"overlay\" style=\"background-color: rgba(255, 255, 255, 0)\"><\/div>  \t\t\t\t\t\t\t  \t\t\t\t\t\t<\/div>\n  \t\t\t\t\t\t  \t\t\t\t\t<\/div>\n          \t\t\t\t\t<div class=\"box-text text-center\" style=\"background-color:rgb(232, 237, 244);\">\n\t\t\t\t\t<div class=\"box-text-inner blog-post-inner\">\n\n\t\t\t\t\t\n\t\t\t\t\t\t\t\t\t\t<h5 class=\"post-title is-large \">\n\t\t\t\t\t\t<a href=\"https:\/\/grow.ee\/fi\/tunnustamine-mis-sunnib-seestpoolt\/\" class=\"plain\">Tunnustamine, mis s\u00fcnnib seestpoolt<\/a>\n\t\t\t\t\t<\/h5>\n\t\t\t\t\t<div class=\"post-meta is-small op-8\">14\/08\/2025<\/div>\t\t\t\t\t<div class=\"is-divider\"><\/div>\n\t\t\t\t\t\t\t\t\t\t<p class=\"from_the_blog_excerpt \">\n\t\t\t\t\t\tV\u00e4\u00e4rtused ja inimlikkus loovad kultuuri, kus iga\u00fcks julgeb olla tema ise.\t\t\t\t\t<\/p>\n\t\t\t\t\t                    \n\t\t\t\t\t\n\t\t\t\t\t\n\t\t\t\t\t<\/div>\n\t\t\t\t\t<\/div>\n\t\t\t\t\t\t\t\t\t<\/div>\n\t\t\t<\/div>\n\t\t<\/div><div class=\"col post-item\" >\n\t\t\t<div class=\"col-inner\">\n\t\t\t\t<div class=\"box box-normal box-text-bottom box-blog-post has-hover\">\n            \t\t\t\t\t<div class=\"box-image\" >\n  \t\t\t\t\t\t<div class=\"image-cover\" style=\"padding-top:56.25%;\">\n\t\t\t\t\t\t\t<a href=\"https:\/\/grow.ee\/fi\/tarkus-leitakse-teel-muljeid-ggi-euroopa-konverentsilt-marbellas\/\" class=\"plain\" aria-label=\"Tarkus leitakse teel \u2013 muljeid GGI Euroopa Konverentsilt Marbellas\u00a0\">\n\t\t\t\t\t\t\t\t<img loading=\"lazy\" decoding=\"async\" width=\"300\" height=\"169\" src=\"https:\/\/grow.ee\/wp-content\/uploads\/2025\/05\/Ulvi-Pilt4-300x169.jpg\" class=\"attachment-medium size-medium wp-post-image\" alt=\"\" srcset=\"https:\/\/grow.ee\/wp-content\/uploads\/2025\/05\/Ulvi-Pilt4-300x169.jpg 300w, https:\/\/grow.ee\/wp-content\/uploads\/2025\/05\/Ulvi-Pilt4-720x405.jpg 720w, https:\/\/grow.ee\/wp-content\/uploads\/2025\/05\/Ulvi-Pilt4-768x432.jpg 768w, https:\/\/grow.ee\/wp-content\/uploads\/2025\/05\/Ulvi-Pilt4-18x10.jpg 18w, https:\/\/grow.ee\/wp-content\/uploads\/2025\/05\/Ulvi-Pilt4.jpg 1200w\" sizes=\"auto, (max-width: 300px) 100vw, 300px\" \/>\t\t\t\t\t\t\t<\/a>\n  \t\t\t\t\t\t\t<div class=\"overlay\" style=\"background-color: rgba(255, 255, 255, 0)\"><\/div>  \t\t\t\t\t\t\t  \t\t\t\t\t\t<\/div>\n  \t\t\t\t\t\t  \t\t\t\t\t<\/div>\n          \t\t\t\t\t<div class=\"box-text text-center\" style=\"background-color:rgb(232, 237, 244);\">\n\t\t\t\t\t<div class=\"box-text-inner blog-post-inner\">\n\n\t\t\t\t\t\n\t\t\t\t\t\t\t\t\t\t<h5 class=\"post-title is-large \">\n\t\t\t\t\t\t<a href=\"https:\/\/grow.ee\/fi\/tarkus-leitakse-teel-muljeid-ggi-euroopa-konverentsilt-marbellas\/\" class=\"plain\">Tarkus leitakse teel \u2013 muljeid GGI Euroopa Konverentsilt Marbellas\u00a0<\/a>\n\t\t\t\t\t<\/h5>\n\t\t\t\t\t<div class=\"post-meta is-small op-8\">23\/05\/2025<\/div>\t\t\t\t\t<div class=\"is-divider\"><\/div>\n\t\t\t\t\t\t\t\t\t\t<p class=\"from_the_blog_excerpt \">\n\t\t\t\t\t\tUlvi Tallo muljeid GGI Euroopa konverentsilt Marbellas: digitaliseerimine, koost\u00f6\u00f6 ja m\u00f5ttev\u00e4rskus, mis kestab kauem kui [...]\t\t\t\t\t<\/p>\n\t\t\t\t\t                    \n\t\t\t\t\t\n\t\t\t\t\t\n\t\t\t\t\t<\/div>\n\t\t\t\t\t<\/div>\n\t\t\t\t\t\t\t\t\t<\/div>\n\t\t\t<\/div>\n\t\t<\/div><div class=\"col post-item\" >\n\t\t\t<div class=\"col-inner\">\n\t\t\t\t<div class=\"box box-normal box-text-bottom box-blog-post has-hover\">\n            \t\t\t\t\t<div class=\"box-image\" >\n  \t\t\t\t\t\t<div class=\"image-cover\" style=\"padding-top:56.25%;\">\n\t\t\t\t\t\t\t<a href=\"https:\/\/grow.ee\/fi\/valitsus-muutis-kaibemaksutousu\/\" class=\"plain\" aria-label=\"Valitsus muutis k\u00e4ibemaksut\u00f5usu t\u00e4htajatuks ja kaotas kasumimaksu 2%\">\n\t\t\t\t\t\t\t\t<img loading=\"lazy\" decoding=\"async\" width=\"300\" height=\"226\" src=\"https:\/\/grow.ee\/wp-content\/uploads\/2025\/05\/Kuvatommis-2025-05-09-162418-300x226.png\" class=\"attachment-medium size-medium wp-post-image\" alt=\"\" srcset=\"https:\/\/grow.ee\/wp-content\/uploads\/2025\/05\/Kuvatommis-2025-05-09-162418-300x226.png 300w, https:\/\/grow.ee\/wp-content\/uploads\/2025\/05\/Kuvatommis-2025-05-09-162418-720x541.png 720w, https:\/\/grow.ee\/wp-content\/uploads\/2025\/05\/Kuvatommis-2025-05-09-162418-16x12.png 16w, https:\/\/grow.ee\/wp-content\/uploads\/2025\/05\/Kuvatommis-2025-05-09-162418.png 745w\" sizes=\"auto, (max-width: 300px) 100vw, 300px\" \/>\t\t\t\t\t\t\t<\/a>\n  \t\t\t\t\t\t\t<div class=\"overlay\" style=\"background-color: rgba(255, 255, 255, 0)\"><\/div>  \t\t\t\t\t\t\t  \t\t\t\t\t\t<\/div>\n  \t\t\t\t\t\t  \t\t\t\t\t<\/div>\n          \t\t\t\t\t<div class=\"box-text text-center\" style=\"background-color:rgb(232, 237, 244);\">\n\t\t\t\t\t<div class=\"box-text-inner blog-post-inner\">\n\n\t\t\t\t\t\n\t\t\t\t\t\t\t\t\t\t<h5 class=\"post-title is-large \">\n\t\t\t\t\t\t<a href=\"https:\/\/grow.ee\/fi\/valitsus-muutis-kaibemaksutousu\/\" class=\"plain\">Valitsus muutis k\u00e4ibemaksut\u00f5usu t\u00e4htajatuks ja kaotas kasumimaksu 2%<\/a>\n\t\t\t\t\t<\/h5>\n\t\t\t\t\t<div class=\"post-meta is-small op-8\">09\/05\/2025<\/div>\t\t\t\t\t<div class=\"is-divider\"><\/div>\n\t\t\t\t\t\t\t\t\t\t<p class=\"from_the_blog_excerpt \">\n\t\t\t\t\t\tValitsus otsustas muuta k\u00e4ibemaksut\u00f5usu t\u00e4htajatuks, mis t\u00e4hendab, et senine ajutine maksut\u00f5us j\u00e4\u00e4b kehtima m\u00e4\u00e4ramata ajaks.\t\t\t\t\t<\/p>\n\t\t\t\t\t                    \n\t\t\t\t\t\n\t\t\t\t\t\n\t\t\t\t\t<\/div>\n\t\t\t\t\t<\/div>\n\t\t\t\t\t\t\t\t\t<\/div>\n\t\t\t<\/div>\n\t\t<\/div><div class=\"col post-item\" >\n\t\t\t<div class=\"col-inner\">\n\t\t\t\t<div class=\"box box-normal box-text-bottom box-blog-post has-hover\">\n            \t\t\t\t\t<div class=\"box-image\" >\n  \t\t\t\t\t\t<div class=\"image-cover\" style=\"padding-top:56.25%;\">\n\t\t\t\t\t\t\t<a href=\"https:\/\/grow.ee\/fi\/personaliteenus-kas-sinu-ettevote-vajab-seda\/\" class=\"plain\" aria-label=\"Personaliteenus \u2013 kas sinu ettev\u00f5te vajab seda?\">\n\t\t\t\t\t\t\t\t<img loading=\"lazy\" decoding=\"async\" width=\"300\" height=\"169\" src=\"https:\/\/grow.ee\/wp-content\/uploads\/2025\/04\/Grow-Finance-300x169.png\" class=\"attachment-medium size-medium wp-post-image\" alt=\"\" srcset=\"https:\/\/grow.ee\/wp-content\/uploads\/2025\/04\/Grow-Finance-300x169.png 300w, https:\/\/grow.ee\/wp-content\/uploads\/2025\/04\/Grow-Finance-720x405.png 720w, https:\/\/grow.ee\/wp-content\/uploads\/2025\/04\/Grow-Finance-768x432.png 768w, https:\/\/grow.ee\/wp-content\/uploads\/2025\/04\/Grow-Finance-18x10.png 18w, https:\/\/grow.ee\/wp-content\/uploads\/2025\/04\/Grow-Finance.png 1024w\" sizes=\"auto, (max-width: 300px) 100vw, 300px\" \/>\t\t\t\t\t\t\t<\/a>\n  \t\t\t\t\t\t\t<div class=\"overlay\" style=\"background-color: rgba(255, 255, 255, 0)\"><\/div>  \t\t\t\t\t\t\t  \t\t\t\t\t\t<\/div>\n  \t\t\t\t\t\t  \t\t\t\t\t<\/div>\n          \t\t\t\t\t<div class=\"box-text text-center\" style=\"background-color:rgb(232, 237, 244);\">\n\t\t\t\t\t<div class=\"box-text-inner blog-post-inner\">\n\n\t\t\t\t\t\n\t\t\t\t\t\t\t\t\t\t<h5 class=\"post-title is-large \">\n\t\t\t\t\t\t<a href=\"https:\/\/grow.ee\/fi\/personaliteenus-kas-sinu-ettevote-vajab-seda\/\" class=\"plain\">Personaliteenus \u2013 kas sinu ettev\u00f5te vajab seda?<\/a>\n\t\t\t\t\t<\/h5>\n\t\t\t\t\t<div class=\"post-meta is-small op-8\">30\/04\/2025<\/div>\t\t\t\t\t<div class=\"is-divider\"><\/div>\n\t\t\t\t\t\t\t\t\t\t<p class=\"from_the_blog_excerpt \">\n\t\t\t\t\t\tKaari Timuska r\u00e4\u00e4gib oma teekonnast inimeste juhtimises ja tutvustab Grow uut teenust \u2013 personaliteenus ettev\u00f5tetele\t\t\t\t\t<\/p>\n\t\t\t\t\t                    \n\t\t\t\t\t\n\t\t\t\t\t\n\t\t\t\t\t<\/div>\n\t\t\t\t\t<\/div>\n\t\t\t\t\t\t\t\t\t<\/div>\n\t\t\t<\/div>\n\t\t<\/div><div class=\"col post-item\" >\n\t\t\t<div class=\"col-inner\">\n\t\t\t\t<div class=\"box box-normal box-text-bottom box-blog-post has-hover\">\n            \t\t\t\t\t<div class=\"box-image\" >\n  \t\t\t\t\t\t<div class=\"image-cover\" style=\"padding-top:56.25%;\">\n\t\t\t\t\t\t\t<a href=\"https:\/\/grow.ee\/fi\/teekond-grow-finance-tegevjuhiks\/\" class=\"plain\" aria-label=\"Teekond Grow Finance\u2019i tegevjuhiks: minu \u00f5ppetunnid ja inspiratsioon\">\n\t\t\t\t\t\t\t\t<img loading=\"lazy\" decoding=\"async\" width=\"300\" height=\"169\" src=\"https:\/\/grow.ee\/wp-content\/uploads\/2025\/04\/Anna-Liisa-Blogi--300x169.jpg\" class=\"attachment-medium size-medium wp-post-image\" alt=\"\" srcset=\"https:\/\/grow.ee\/wp-content\/uploads\/2025\/04\/Anna-Liisa-Blogi--300x169.jpg 300w, https:\/\/grow.ee\/wp-content\/uploads\/2025\/04\/Anna-Liisa-Blogi--720x405.jpg 720w, https:\/\/grow.ee\/wp-content\/uploads\/2025\/04\/Anna-Liisa-Blogi--768x432.jpg 768w, https:\/\/grow.ee\/wp-content\/uploads\/2025\/04\/Anna-Liisa-Blogi--1536x864.jpg 1536w, https:\/\/grow.ee\/wp-content\/uploads\/2025\/04\/Anna-Liisa-Blogi--18x10.jpg 18w, https:\/\/grow.ee\/wp-content\/uploads\/2025\/04\/Anna-Liisa-Blogi-.jpg 1920w\" sizes=\"auto, (max-width: 300px) 100vw, 300px\" \/>\t\t\t\t\t\t\t<\/a>\n  \t\t\t\t\t\t\t<div class=\"overlay\" style=\"background-color: rgba(255, 255, 255, 0)\"><\/div>  \t\t\t\t\t\t\t  \t\t\t\t\t\t<\/div>\n  \t\t\t\t\t\t  \t\t\t\t\t<\/div>\n          \t\t\t\t\t<div class=\"box-text text-center\" style=\"background-color:rgb(232, 237, 244);\">\n\t\t\t\t\t<div class=\"box-text-inner blog-post-inner\">\n\n\t\t\t\t\t\n\t\t\t\t\t\t\t\t\t\t<h5 class=\"post-title is-large \">\n\t\t\t\t\t\t<a href=\"https:\/\/grow.ee\/fi\/teekond-grow-finance-tegevjuhiks\/\" class=\"plain\">Teekond Grow Finance\u2019i tegevjuhiks: minu \u00f5ppetunnid ja inspiratsioon<\/a>\n\t\t\t\t\t<\/h5>\n\t\t\t\t\t<div class=\"post-meta is-small op-8\">03\/04\/2025<\/div>\t\t\t\t\t<div class=\"is-divider\"><\/div>\n\t\t\t\t\t\t\t\t\t\t<p class=\"from_the_blog_excerpt \">\n\t\t\t\t\t\tAnna-Liisa Orglaan jagab oma teekonda Grow Finance\u2019i tegevjuhiks, tuues esile kogemused ja inspiratsiooni.\t\t\t\t\t<\/p>\n\t\t\t\t\t                    \n\t\t\t\t\t\n\t\t\t\t\t\n\t\t\t\t\t<\/div>\n\t\t\t\t\t<\/div>\n\t\t\t\t\t\t\t\t\t<\/div>\n\t\t\t<\/div>\n\t\t<\/div><div class=\"col post-item\" >\n\t\t\t<div class=\"col-inner\">\n\t\t\t\t<div class=\"box box-normal box-text-bottom box-blog-post has-hover\">\n            \t\t\t\t\t<div class=\"box-image\" >\n  \t\t\t\t\t\t<div class=\"image-cover\" style=\"padding-top:56.25%;\">\n\t\t\t\t\t\t\t<a href=\"https:\/\/grow.ee\/fi\/kas-ai-votab-raamatupidamise-ule\/\" class=\"plain\" aria-label=\"Millal tehisintellekt ehk AI v\u00f5tab raamatupidamise \u00fcle?\">\n\t\t\t\t\t\t\t\t<img loading=\"lazy\" decoding=\"async\" width=\"300\" height=\"169\" src=\"https:\/\/grow.ee\/wp-content\/uploads\/2025\/03\/Ulvi-Tallo-300x169.jpg\" class=\"attachment-medium size-medium wp-post-image\" alt=\"\" srcset=\"https:\/\/grow.ee\/wp-content\/uploads\/2025\/03\/Ulvi-Tallo-300x169.jpg 300w, https:\/\/grow.ee\/wp-content\/uploads\/2025\/03\/Ulvi-Tallo-720x405.jpg 720w, https:\/\/grow.ee\/wp-content\/uploads\/2025\/03\/Ulvi-Tallo-768x432.jpg 768w, https:\/\/grow.ee\/wp-content\/uploads\/2025\/03\/Ulvi-Tallo-1536x864.jpg 1536w, https:\/\/grow.ee\/wp-content\/uploads\/2025\/03\/Ulvi-Tallo-2048x1152.jpg 2048w, https:\/\/grow.ee\/wp-content\/uploads\/2025\/03\/Ulvi-Tallo-18x10.jpg 18w\" sizes=\"auto, (max-width: 300px) 100vw, 300px\" \/>\t\t\t\t\t\t\t<\/a>\n  \t\t\t\t\t\t\t<div class=\"overlay\" style=\"background-color: rgba(255, 255, 255, 0)\"><\/div>  \t\t\t\t\t\t\t  \t\t\t\t\t\t<\/div>\n  \t\t\t\t\t\t  \t\t\t\t\t<\/div>\n          \t\t\t\t\t<div class=\"box-text text-center\" style=\"background-color:rgb(232, 237, 244);\">\n\t\t\t\t\t<div class=\"box-text-inner blog-post-inner\">\n\n\t\t\t\t\t\n\t\t\t\t\t\t\t\t\t\t<h5 class=\"post-title is-large \">\n\t\t\t\t\t\t<a href=\"https:\/\/grow.ee\/fi\/kas-ai-votab-raamatupidamise-ule\/\" class=\"plain\">Millal tehisintellekt ehk AI v\u00f5tab raamatupidamise \u00fcle?<\/a>\n\t\t\t\t\t<\/h5>\n\t\t\t\t\t<div class=\"post-meta is-small op-8\">07\/03\/2025<\/div>\t\t\t\t\t<div class=\"is-divider\"><\/div>\n\t\t\t\t\t\t\t\t\t\t<p class=\"from_the_blog_excerpt \">\n\t\t\t\t\t\tKas AI v\u00f5tab raamatupidamise \u00fcle? Tehisintellekt teeb imesid numbritega, aga kas see t\u00e4hendab, et raamatupidajad [...]\t\t\t\t\t<\/p>\n\t\t\t\t\t                    \n\t\t\t\t\t\n\t\t\t\t\t\n\t\t\t\t\t<\/div>\n\t\t\t\t\t<\/div>\n\t\t\t\t\t\t\t\t\t<\/div>\n\t\t\t<\/div>\n\t\t<\/div><div class=\"col post-item\" >\n\t\t\t<div class=\"col-inner\">\n\t\t\t\t<div class=\"box box-normal box-text-bottom box-blog-post has-hover\">\n            \t\t\t\t\t<div class=\"box-image\" >\n  \t\t\t\t\t\t<div class=\"image-cover\" style=\"padding-top:56.25%;\">\n\t\t\t\t\t\t\t<a href=\"https:\/\/grow.ee\/fi\/digilahendused-pole-luksus\/\" class=\"plain\" aria-label=\"Digilahendused pole luksus, vaid elementaarne osa juhtimisel\">\n\t\t\t\t\t\t\t\t<img loading=\"lazy\" decoding=\"async\" width=\"300\" height=\"169\" src=\"https:\/\/grow.ee\/wp-content\/uploads\/2025\/02\/Digilahendused-300x169.jpg\" class=\"attachment-medium size-medium wp-post-image\" alt=\"\" srcset=\"https:\/\/grow.ee\/wp-content\/uploads\/2025\/02\/Digilahendused-300x169.jpg 300w, https:\/\/grow.ee\/wp-content\/uploads\/2025\/02\/Digilahendused-720x405.jpg 720w, https:\/\/grow.ee\/wp-content\/uploads\/2025\/02\/Digilahendused-768x432.jpg 768w, https:\/\/grow.ee\/wp-content\/uploads\/2025\/02\/Digilahendused-1536x864.jpg 1536w, https:\/\/grow.ee\/wp-content\/uploads\/2025\/02\/Digilahendused-18x10.jpg 18w, https:\/\/grow.ee\/wp-content\/uploads\/2025\/02\/Digilahendused.jpg 1890w\" sizes=\"auto, (max-width: 300px) 100vw, 300px\" \/>\t\t\t\t\t\t\t<\/a>\n  \t\t\t\t\t\t\t<div class=\"overlay\" style=\"background-color: rgba(255, 255, 255, 0)\"><\/div>  \t\t\t\t\t\t\t  \t\t\t\t\t\t<\/div>\n  \t\t\t\t\t\t  \t\t\t\t\t<\/div>\n          \t\t\t\t\t<div class=\"box-text text-center\" style=\"background-color:rgb(232, 237, 244);\">\n\t\t\t\t\t<div class=\"box-text-inner blog-post-inner\">\n\n\t\t\t\t\t\n\t\t\t\t\t\t\t\t\t\t<h5 class=\"post-title is-large \">\n\t\t\t\t\t\t<a href=\"https:\/\/grow.ee\/fi\/digilahendused-pole-luksus\/\" class=\"plain\">Digilahendused pole luksus, vaid elementaarne osa juhtimisel<\/a>\n\t\t\t\t\t<\/h5>\n\t\t\t\t\t<div class=\"post-meta is-small op-8\">10\/02\/2025<\/div>\t\t\t\t\t<div class=\"is-divider\"><\/div>\n\t\t\t\t\t\t\t\t\t\t<p class=\"from_the_blog_excerpt \">\n\t\t\t\t\t\tGrow Finance pakub andmep\u00f5hist ja automatiseeritud finantsjuhtimist, aidates klientidel teha strateegilisi otsuseid.\t\t\t\t\t<\/p>\n\t\t\t\t\t                    \n\t\t\t\t\t\n\t\t\t\t\t\n\t\t\t\t\t<\/div>\n\t\t\t\t\t<\/div>\n\t\t\t\t\t\t\t\t\t<\/div>\n\t\t\t<\/div>\n\t\t<\/div><div class=\"col post-item\" >\n\t\t\t<div class=\"col-inner\">\n\t\t\t\t<div class=\"box box-normal box-text-bottom box-blog-post has-hover\">\n            \t\t\t\t\t<div class=\"box-image\" >\n  \t\t\t\t\t\t<div class=\"image-cover\" style=\"padding-top:56.25%;\">\n\t\t\t\t\t\t\t<a href=\"https:\/\/grow.ee\/fi\/kogemuslugu-praktika-finantsanaluutikuna\/\" class=\"plain\" aria-label=\"Kogemuslugu: Praktika Grow&#8217;s finantsanal\u00fc\u00fctikuna\">\n\t\t\t\t\t\t\t\t<img loading=\"lazy\" decoding=\"async\" width=\"300\" height=\"251\" src=\"https:\/\/grow.ee\/wp-content\/uploads\/2025\/01\/Kogemuslugu-1-300x251.png\" class=\"attachment-medium size-medium wp-post-image\" alt=\"\" srcset=\"https:\/\/grow.ee\/wp-content\/uploads\/2025\/01\/Kogemuslugu-1-300x251.png 300w, https:\/\/grow.ee\/wp-content\/uploads\/2025\/01\/Kogemuslugu-1-720x604.png 720w, https:\/\/grow.ee\/wp-content\/uploads\/2025\/01\/Kogemuslugu-1-768x644.png 768w, https:\/\/grow.ee\/wp-content\/uploads\/2025\/01\/Kogemuslugu-1-14x12.png 14w, https:\/\/grow.ee\/wp-content\/uploads\/2025\/01\/Kogemuslugu-1.png 940w\" sizes=\"auto, (max-width: 300px) 100vw, 300px\" \/>\t\t\t\t\t\t\t<\/a>\n  \t\t\t\t\t\t\t<div class=\"overlay\" style=\"background-color: rgba(255, 255, 255, 0)\"><\/div>  \t\t\t\t\t\t\t  \t\t\t\t\t\t<\/div>\n  \t\t\t\t\t\t  \t\t\t\t\t<\/div>\n          \t\t\t\t\t<div class=\"box-text text-center\" style=\"background-color:rgb(232, 237, 244);\">\n\t\t\t\t\t<div class=\"box-text-inner blog-post-inner\">\n\n\t\t\t\t\t\n\t\t\t\t\t\t\t\t\t\t<h5 class=\"post-title is-large \">\n\t\t\t\t\t\t<a href=\"https:\/\/grow.ee\/fi\/kogemuslugu-praktika-finantsanaluutikuna\/\" class=\"plain\">Kogemuslugu: Praktika Grow&#8217;s finantsanal\u00fc\u00fctikuna<\/a>\n\t\t\t\t\t<\/h5>\n\t\t\t\t\t<div class=\"post-meta is-small op-8\">23\/01\/2025<\/div>\t\t\t\t\t<div class=\"is-divider\"><\/div>\n\t\t\t\t\t\t\t\t\t\t<p class=\"from_the_blog_excerpt \">\n\t\t\t\t\t\tLoe millise kogemuse sai ning milise tagaside andis Sixten Grow Finance\u2019i finantsanal\u00fc\u00fctiku praktika l\u00e4bimisel.\t\t\t\t\t<\/p>\n\t\t\t\t\t                    \n\t\t\t\t\t\n\t\t\t\t\t\n\t\t\t\t\t<\/div>\n\t\t\t\t\t<\/div>\n\t\t\t\t\t\t\t\t\t<\/div>\n\t\t\t<\/div>\n\t\t<\/div><div class=\"col post-item\" >\n\t\t\t<div class=\"col-inner\">\n\t\t\t\t<div class=\"box box-normal box-text-bottom box-blog-post has-hover\">\n            \t\t\t\t\t<div class=\"box-image\" >\n  \t\t\t\t\t\t<div class=\"image-cover\" style=\"padding-top:56.25%;\">\n\t\t\t\t\t\t\t<a href=\"https:\/\/grow.ee\/fi\/auditi-ja-ulevaatuse-piirmaarade-muutus-2024-aasta-kohta-koostavale-aastaaruandele\/\" class=\"plain\" aria-label=\"Auditi ja \u00fclevaatuse piirm\u00e4\u00e4rade muutus 2024. aasta kohta koostavale aastaaruandele\">\n\t\t\t\t\t\t\t\t<img loading=\"lazy\" decoding=\"async\" width=\"300\" height=\"167\" src=\"https:\/\/grow.ee\/wp-content\/uploads\/2024\/12\/Audit-1-300x167.jpg\" class=\"attachment-medium size-medium wp-post-image\" alt=\"\" srcset=\"https:\/\/grow.ee\/wp-content\/uploads\/2024\/12\/Audit-1-300x167.jpg 300w, https:\/\/grow.ee\/wp-content\/uploads\/2024\/12\/Audit-1-720x402.jpg 720w, https:\/\/grow.ee\/wp-content\/uploads\/2024\/12\/Audit-1-768x429.jpg 768w, https:\/\/grow.ee\/wp-content\/uploads\/2024\/12\/Audit-1-18x10.jpg 18w, https:\/\/grow.ee\/wp-content\/uploads\/2024\/12\/Audit-1.jpg 1376w\" sizes=\"auto, (max-width: 300px) 100vw, 300px\" \/>\t\t\t\t\t\t\t<\/a>\n  \t\t\t\t\t\t\t<div class=\"overlay\" style=\"background-color: rgba(255, 255, 255, 0)\"><\/div>  \t\t\t\t\t\t\t  \t\t\t\t\t\t<\/div>\n  \t\t\t\t\t\t  \t\t\t\t\t<\/div>\n          \t\t\t\t\t<div class=\"box-text text-center\" style=\"background-color:rgb(232, 237, 244);\">\n\t\t\t\t\t<div class=\"box-text-inner blog-post-inner\">\n\n\t\t\t\t\t\n\t\t\t\t\t\t\t\t\t\t<h5 class=\"post-title is-large \">\n\t\t\t\t\t\t<a href=\"https:\/\/grow.ee\/fi\/auditi-ja-ulevaatuse-piirmaarade-muutus-2024-aasta-kohta-koostavale-aastaaruandele\/\" class=\"plain\">Auditi ja \u00fclevaatuse piirm\u00e4\u00e4rade muutus 2024. aasta kohta koostavale aastaaruandele<\/a>\n\t\t\t\t\t<\/h5>\n\t\t\t\t\t<div class=\"post-meta is-small op-8\">21\/12\/2024<\/div>\t\t\t\t\t<div class=\"is-divider\"><\/div>\n\t\t\t\t\t\t\t\t\t\t<p class=\"from_the_blog_excerpt \">\n\t\t\t\t\t\t2025. aastast kehtima hakkavate auditi ja \u00fclevaatuse piirm\u00e4\u00e4rade t\u00f5us n\u00f5uab ettev\u00f5tetelt \u00f5igeaegset ettevalmistust.\t\t\t\t\t<\/p>\n\t\t\t\t\t                    \n\t\t\t\t\t\n\t\t\t\t\t\n\t\t\t\t\t<\/div>\n\t\t\t\t\t<\/div>\n\t\t\t\t\t\t\t\t\t<\/div>\n\t\t\t<\/div>\n\t\t<\/div><div class=\"col post-item\" >\n\t\t\t<div class=\"col-inner\">\n\t\t\t\t<div class=\"box box-normal box-text-bottom box-blog-post has-hover\">\n            \t\t\t\t\t<div class=\"box-image\" >\n  \t\t\t\t\t\t<div class=\"image-cover\" style=\"padding-top:56.25%;\">\n\t\t\t\t\t\t\t<a href=\"https:\/\/grow.ee\/fi\/2025-2026-maksumaarad\/\" class=\"plain\" aria-label=\"Kokkuv\u00f5te 2025 ja 2026 aastal Eestis j\u00f5ustuvatest uutest maksum\u00e4\u00e4radest ja maksuvabade piirm\u00e4\u00e4rade muutustest\">\n\t\t\t\t\t\t\t\t<img loading=\"lazy\" decoding=\"async\" width=\"300\" height=\"167\" src=\"https:\/\/grow.ee\/wp-content\/uploads\/2024\/12\/Maksud-3-300x167.jpg\" class=\"attachment-medium size-medium wp-post-image\" alt=\"\" srcset=\"https:\/\/grow.ee\/wp-content\/uploads\/2024\/12\/Maksud-3-300x167.jpg 300w, https:\/\/grow.ee\/wp-content\/uploads\/2024\/12\/Maksud-3-720x402.jpg 720w, https:\/\/grow.ee\/wp-content\/uploads\/2024\/12\/Maksud-3-768x429.jpg 768w, https:\/\/grow.ee\/wp-content\/uploads\/2024\/12\/Maksud-3-18x10.jpg 18w, https:\/\/grow.ee\/wp-content\/uploads\/2024\/12\/Maksud-3.jpg 1376w\" sizes=\"auto, (max-width: 300px) 100vw, 300px\" \/>\t\t\t\t\t\t\t<\/a>\n  \t\t\t\t\t\t\t<div class=\"overlay\" style=\"background-color: rgba(255, 255, 255, 0)\"><\/div>  \t\t\t\t\t\t\t  \t\t\t\t\t\t<\/div>\n  \t\t\t\t\t\t  \t\t\t\t\t<\/div>\n          \t\t\t\t\t<div class=\"box-text text-center\" style=\"background-color:rgb(232, 237, 244);\">\n\t\t\t\t\t<div class=\"box-text-inner blog-post-inner\">\n\n\t\t\t\t\t\n\t\t\t\t\t\t\t\t\t\t<h5 class=\"post-title is-large \">\n\t\t\t\t\t\t<a href=\"https:\/\/grow.ee\/fi\/2025-2026-maksumaarad\/\" class=\"plain\">Kokkuv\u00f5te 2025 ja 2026 aastal Eestis j\u00f5ustuvatest uutest maksum\u00e4\u00e4radest ja maksuvabade piirm\u00e4\u00e4rade muutustest<\/a>\n\t\t\t\t\t<\/h5>\n\t\t\t\t\t<div class=\"post-meta is-small op-8\">18\/12\/2024<\/div>\t\t\t\t\t<div class=\"is-divider\"><\/div>\n\t\t\t\t\t\t\t\t\t\t<p class=\"from_the_blog_excerpt \">\n\t\t\t\t\t\t2025. ja 2026. aastal t\u00f5usevad Eestis mitmed maksud ja aktsiisim\u00e4\u00e4rad, mis m\u00f5jutavad nii eraisikuid kui [...]\t\t\t\t\t<\/p>\n\t\t\t\t\t                    \n\t\t\t\t\t\n\t\t\t\t\t\n\t\t\t\t\t<\/div>\n\t\t\t\t\t<\/div>\n\t\t\t\t\t\t\t\t\t<\/div>\n\t\t\t<\/div>\n\t\t<\/div><div class=\"col post-item\" >\n\t\t\t<div class=\"col-inner\">\n\t\t\t\t<div class=\"box box-normal box-text-bottom box-blog-post has-hover\">\n            \t\t\t\t\t<div class=\"box-image\" >\n  \t\t\t\t\t\t<div class=\"image-cover\" style=\"padding-top:56.25%;\">\n\t\t\t\t\t\t\t<a href=\"https:\/\/grow.ee\/fi\/mida-peab-teadma-eesti-ettevote-kui-teenuse-osutamise-asukoht-on-soome\/\" class=\"plain\" aria-label=\"Mida peab teadma Eesti ettev\u00f5te, kui teenuse osutamise asukoht on Soome?\">\n\t\t\t\t\t\t\t\t<img loading=\"lazy\" decoding=\"async\" width=\"300\" height=\"159\" src=\"https:\/\/grow.ee\/wp-content\/uploads\/2024\/12\/Eesti-Soome-300x159.png\" class=\"attachment-medium size-medium wp-post-image\" alt=\"\" srcset=\"https:\/\/grow.ee\/wp-content\/uploads\/2024\/12\/Eesti-Soome-300x159.png 300w, https:\/\/grow.ee\/wp-content\/uploads\/2024\/12\/Eesti-Soome-720x382.png 720w, https:\/\/grow.ee\/wp-content\/uploads\/2024\/12\/Eesti-Soome-768x407.png 768w, https:\/\/grow.ee\/wp-content\/uploads\/2024\/12\/Eesti-Soome-18x10.png 18w, https:\/\/grow.ee\/wp-content\/uploads\/2024\/12\/Eesti-Soome.png 1047w\" sizes=\"auto, (max-width: 300px) 100vw, 300px\" \/>\t\t\t\t\t\t\t<\/a>\n  \t\t\t\t\t\t\t<div class=\"overlay\" style=\"background-color: rgba(255, 255, 255, 0)\"><\/div>  \t\t\t\t\t\t\t  \t\t\t\t\t\t<\/div>\n  \t\t\t\t\t\t  \t\t\t\t\t<\/div>\n          \t\t\t\t\t<div class=\"box-text text-center\" style=\"background-color:rgb(232, 237, 244);\">\n\t\t\t\t\t<div class=\"box-text-inner blog-post-inner\">\n\n\t\t\t\t\t\n\t\t\t\t\t\t\t\t\t\t<h5 class=\"post-title is-large \">\n\t\t\t\t\t\t<a href=\"https:\/\/grow.ee\/fi\/mida-peab-teadma-eesti-ettevote-kui-teenuse-osutamise-asukoht-on-soome\/\" class=\"plain\">Mida peab teadma Eesti ettev\u00f5te, kui teenuse osutamise asukoht on Soome?<\/a>\n\t\t\t\t\t<\/h5>\n\t\t\t\t\t<div class=\"post-meta is-small op-8\">09\/12\/2024<\/div>\t\t\t\t\t<div class=\"is-divider\"><\/div>\n\t\t\t\t\t\t\t\t\t\t<p class=\"from_the_blog_excerpt \">\n\t\t\t\t\t\tEesti ettev\u00f5te peab Soomes teenuseid osutades arvestama maksulepingutega, registreerimiskohustuste ja p\u00fcsiva tegevuskoha v\u00f5imalike n\u00f5uetega.\t\t\t\t\t<\/p>\n\t\t\t\t\t                    \n\t\t\t\t\t\n\t\t\t\t\t\n\t\t\t\t\t<\/div>\n\t\t\t\t\t<\/div>\n\t\t\t\t\t\t\t\t\t<\/div>\n\t\t\t<\/div>\n\t\t<\/div><div class=\"col post-item\" >\n\t\t\t<div class=\"col-inner\">\n\t\t\t\t<div class=\"box box-normal box-text-bottom box-blog-post has-hover\">\n            \t\t\t\t\t<div class=\"box-image\" >\n  \t\t\t\t\t\t<div class=\"image-cover\" style=\"padding-top:56.25%;\">\n\t\t\t\t\t\t\t<a href=\"https:\/\/grow.ee\/fi\/kasumimaks-ehk-koik-uus-on-hasti-unustatud-vana\/\" class=\"plain\" aria-label=\"Julgeolekumaks 2025-2028\">\n\t\t\t\t\t\t\t\t<img loading=\"lazy\" decoding=\"async\" width=\"300\" height=\"149\" src=\"https:\/\/grow.ee\/wp-content\/uploads\/2024\/10\/Kuvatommis-2024-10-29-191434-300x149.png\" class=\"attachment-medium size-medium wp-post-image\" alt=\"\" srcset=\"https:\/\/grow.ee\/wp-content\/uploads\/2024\/10\/Kuvatommis-2024-10-29-191434-300x149.png 300w, https:\/\/grow.ee\/wp-content\/uploads\/2024\/10\/Kuvatommis-2024-10-29-191434-720x359.png 720w, https:\/\/grow.ee\/wp-content\/uploads\/2024\/10\/Kuvatommis-2024-10-29-191434-768x383.png 768w, https:\/\/grow.ee\/wp-content\/uploads\/2024\/10\/Kuvatommis-2024-10-29-191434-18x9.png 18w, https:\/\/grow.ee\/wp-content\/uploads\/2024\/10\/Kuvatommis-2024-10-29-191434.png 887w\" sizes=\"auto, (max-width: 300px) 100vw, 300px\" \/>\t\t\t\t\t\t\t<\/a>\n  \t\t\t\t\t\t\t<div class=\"overlay\" style=\"background-color: rgba(255, 255, 255, 0)\"><\/div>  \t\t\t\t\t\t\t  \t\t\t\t\t\t<\/div>\n  \t\t\t\t\t\t  \t\t\t\t\t<\/div>\n          \t\t\t\t\t<div class=\"box-text text-center\" style=\"background-color:rgb(232, 237, 244);\">\n\t\t\t\t\t<div class=\"box-text-inner blog-post-inner\">\n\n\t\t\t\t\t\n\t\t\t\t\t\t\t\t\t\t<h5 class=\"post-title is-large \">\n\t\t\t\t\t\t<a href=\"https:\/\/grow.ee\/fi\/kasumimaks-ehk-koik-uus-on-hasti-unustatud-vana\/\" class=\"plain\">Julgeolekumaks 2025-2028<\/a>\n\t\t\t\t\t<\/h5>\n\t\t\t\t\t<div class=\"post-meta is-small op-8\">28\/10\/2024<\/div>\t\t\t\t\t<div class=\"is-divider\"><\/div>\n\t\t\t\t\t\t\t\t\t\t<p class=\"from_the_blog_excerpt \">\n\t\t\t\t\t\tJulgeolekumaks t\u00f5stab k\u00e4ibemaksu ning lisab 2% tulumaksu f\u00fc\u00fcsilistele isikutele ja ettev\u00f5tete kasumile, et suurendada riigi [...]\t\t\t\t\t<\/p>\n\t\t\t\t\t                    \n\t\t\t\t\t\n\t\t\t\t\t\n\t\t\t\t\t<\/div>\n\t\t\t\t\t<\/div>\n\t\t\t\t\t\t\t\t\t<\/div>\n\t\t\t<\/div>\n\t\t<\/div><div class=\"col post-item\" >\n\t\t\t<div class=\"col-inner\">\n\t\t\t\t<div class=\"box box-normal box-text-bottom box-blog-post has-hover\">\n            \t\t\t\t\t<div class=\"box-image\" >\n  \t\t\t\t\t\t<div class=\"image-cover\" style=\"padding-top:56.25%;\">\n\t\t\t\t\t\t\t<a href=\"https:\/\/grow.ee\/fi\/muut-raamatupidaja-on-eksimatu\/\" class=\"plain\" aria-label=\"M\u00fc\u00fct &#8211; raamatupidaja on eksimatu\">\n\t\t\t\t\t\t\t\t<img loading=\"lazy\" decoding=\"async\" width=\"300\" height=\"200\" src=\"https:\/\/grow.ee\/wp-content\/uploads\/2024\/10\/Raamatupidamine-koer-kontoris-300x200.jpg\" class=\"attachment-medium size-medium wp-post-image\" alt=\"\" srcset=\"https:\/\/grow.ee\/wp-content\/uploads\/2024\/10\/Raamatupidamine-koer-kontoris-300x200.jpg 300w, https:\/\/grow.ee\/wp-content\/uploads\/2024\/10\/Raamatupidamine-koer-kontoris-720x480.jpg 720w, https:\/\/grow.ee\/wp-content\/uploads\/2024\/10\/Raamatupidamine-koer-kontoris-768x512.jpg 768w, https:\/\/grow.ee\/wp-content\/uploads\/2024\/10\/Raamatupidamine-koer-kontoris-18x12.jpg 18w, https:\/\/grow.ee\/wp-content\/uploads\/2024\/10\/Raamatupidamine-koer-kontoris.jpg 940w\" sizes=\"auto, (max-width: 300px) 100vw, 300px\" \/>\t\t\t\t\t\t\t<\/a>\n  \t\t\t\t\t\t\t<div class=\"overlay\" style=\"background-color: rgba(255, 255, 255, 0)\"><\/div>  \t\t\t\t\t\t\t  \t\t\t\t\t\t<\/div>\n  \t\t\t\t\t\t  \t\t\t\t\t<\/div>\n          \t\t\t\t\t<div class=\"box-text text-center\" style=\"background-color:rgb(232, 237, 244);\">\n\t\t\t\t\t<div class=\"box-text-inner blog-post-inner\">\n\n\t\t\t\t\t\n\t\t\t\t\t\t\t\t\t\t<h5 class=\"post-title is-large \">\n\t\t\t\t\t\t<a href=\"https:\/\/grow.ee\/fi\/muut-raamatupidaja-on-eksimatu\/\" class=\"plain\">M\u00fc\u00fct &#8211; raamatupidaja on eksimatu<\/a>\n\t\t\t\t\t<\/h5>\n\t\t\t\t\t<div class=\"post-meta is-small op-8\">18\/10\/2024<\/div>\t\t\t\t\t<div class=\"is-divider\"><\/div>\n\t\t\t\t\t\t\t\t\t\t<p class=\"from_the_blog_excerpt \">\n\t\t\t\t\t\tMilline on inimese ja tehtisintellekti vigade tegemise m\u00e4\u00e4r raamatupidamises?\t\t\t\t\t<\/p>\n\t\t\t\t\t                    \n\t\t\t\t\t\n\t\t\t\t\t\n\t\t\t\t\t<\/div>\n\t\t\t\t\t<\/div>\n\t\t\t\t\t\t\t\t\t<\/div>\n\t\t\t<\/div>\n\t\t<\/div><div class=\"col post-item\" >\n\t\t\t<div class=\"col-inner\">\n\t\t\t\t<div class=\"box box-normal box-text-bottom box-blog-post has-hover\">\n            \t\t\t\t\t<div class=\"box-image\" >\n  \t\t\t\t\t\t<div class=\"image-cover\" style=\"padding-top:56.25%;\">\n\t\t\t\t\t\t\t<a href=\"https:\/\/grow.ee\/fi\/kaibemaksuseaduse-muudatused-2025\/\" class=\"plain\" aria-label=\"K\u00e4ibemaksuseaduse muudatused 2025\">\n\t\t\t\t\t\t\t\t<img loading=\"lazy\" decoding=\"async\" width=\"300\" height=\"168\" src=\"https:\/\/grow.ee\/wp-content\/uploads\/2024\/09\/Kaibemaksuseaduse-muudatused-300x168.jpeg\" class=\"attachment-medium size-medium wp-post-image\" alt=\"\" srcset=\"https:\/\/grow.ee\/wp-content\/uploads\/2024\/09\/Kaibemaksuseaduse-muudatused-300x168.jpeg 300w, https:\/\/grow.ee\/wp-content\/uploads\/2024\/09\/Kaibemaksuseaduse-muudatused-720x404.jpeg 720w, https:\/\/grow.ee\/wp-content\/uploads\/2024\/09\/Kaibemaksuseaduse-muudatused-768x431.jpeg 768w, https:\/\/grow.ee\/wp-content\/uploads\/2024\/09\/Kaibemaksuseaduse-muudatused-1536x862.jpeg 1536w, https:\/\/grow.ee\/wp-content\/uploads\/2024\/09\/Kaibemaksuseaduse-muudatused-2048x1149.jpeg 2048w, https:\/\/grow.ee\/wp-content\/uploads\/2024\/09\/Kaibemaksuseaduse-muudatused-18x10.jpeg 18w\" sizes=\"auto, (max-width: 300px) 100vw, 300px\" \/>\t\t\t\t\t\t\t<\/a>\n  \t\t\t\t\t\t\t<div class=\"overlay\" style=\"background-color: rgba(255, 255, 255, 0)\"><\/div>  \t\t\t\t\t\t\t  \t\t\t\t\t\t<\/div>\n  \t\t\t\t\t\t  \t\t\t\t\t<\/div>\n          \t\t\t\t\t<div class=\"box-text text-center\" style=\"background-color:rgb(232, 237, 244);\">\n\t\t\t\t\t<div class=\"box-text-inner blog-post-inner\">\n\n\t\t\t\t\t\n\t\t\t\t\t\t\t\t\t\t<h5 class=\"post-title is-large \">\n\t\t\t\t\t\t<a href=\"https:\/\/grow.ee\/fi\/kaibemaksuseaduse-muudatused-2025\/\" class=\"plain\">K\u00e4ibemaksuseaduse muudatused 2025<\/a>\n\t\t\t\t\t<\/h5>\n\t\t\t\t\t<div class=\"post-meta is-small op-8\">26\/09\/2024<\/div>\t\t\t\t\t<div class=\"is-divider\"><\/div>\n\t\t\t\t\t\t\t\t\t\t<p class=\"from_the_blog_excerpt \">\n\t\t\t\t\t\tJ\u00e4rgmisel aastal on ettev\u00f5tjad silmitsi mitmete k\u00e4ibemaksuseaduse muudatustega. Loe l\u00e4hemalt millistega.\t\t\t\t\t<\/p>\n\t\t\t\t\t                    \n\t\t\t\t\t\n\t\t\t\t\t\n\t\t\t\t\t<\/div>\n\t\t\t\t\t<\/div>\n\t\t\t\t\t\t\t\t\t<\/div>\n\t\t\t<\/div>\n\t\t<\/div><div class=\"col post-item\" >\n\t\t\t<div class=\"col-inner\">\n\t\t\t\t<div class=\"box box-normal box-text-bottom box-blog-post has-hover\">\n            \t\t\t\t\t<div class=\"box-image\" >\n  \t\t\t\t\t\t<div class=\"image-cover\" style=\"padding-top:56.25%;\">\n\t\t\t\t\t\t\t<a href=\"https:\/\/grow.ee\/fi\/automaks-2025\/\" class=\"plain\" aria-label=\"Automaks 2025 &#8211; mida peavad teadma ettev\u00f5tted ja eraisikud?\">\n\t\t\t\t\t\t\t\t<img loading=\"lazy\" decoding=\"async\" width=\"300\" height=\"168\" src=\"https:\/\/grow.ee\/wp-content\/uploads\/2024\/09\/Automaks-2025-Grow-FInance-300x168.jpeg\" class=\"attachment-medium size-medium wp-post-image\" alt=\"Automaks 2025 - Grow FInance\" srcset=\"https:\/\/grow.ee\/wp-content\/uploads\/2024\/09\/Automaks-2025-Grow-FInance-300x168.jpeg 300w, https:\/\/grow.ee\/wp-content\/uploads\/2024\/09\/Automaks-2025-Grow-FInance-720x404.jpeg 720w, https:\/\/grow.ee\/wp-content\/uploads\/2024\/09\/Automaks-2025-Grow-FInance-768x431.jpeg 768w, https:\/\/grow.ee\/wp-content\/uploads\/2024\/09\/Automaks-2025-Grow-FInance-1536x861.jpeg 1536w, https:\/\/grow.ee\/wp-content\/uploads\/2024\/09\/Automaks-2025-Grow-FInance-2048x1148.jpeg 2048w, https:\/\/grow.ee\/wp-content\/uploads\/2024\/09\/Automaks-2025-Grow-FInance-18x10.jpeg 18w\" sizes=\"auto, (max-width: 300px) 100vw, 300px\" \/>\t\t\t\t\t\t\t<\/a>\n  \t\t\t\t\t\t\t<div class=\"overlay\" style=\"background-color: rgba(255, 255, 255, 0)\"><\/div>  \t\t\t\t\t\t\t  \t\t\t\t\t\t<\/div>\n  \t\t\t\t\t\t  \t\t\t\t\t<\/div>\n          \t\t\t\t\t<div class=\"box-text text-center\" style=\"background-color:rgb(232, 237, 244);\">\n\t\t\t\t\t<div class=\"box-text-inner blog-post-inner\">\n\n\t\t\t\t\t\n\t\t\t\t\t\t\t\t\t\t<h5 class=\"post-title is-large \">\n\t\t\t\t\t\t<a href=\"https:\/\/grow.ee\/fi\/automaks-2025\/\" class=\"plain\">Automaks 2025 &#8211; mida peavad teadma ettev\u00f5tted ja eraisikud?<\/a>\n\t\t\t\t\t<\/h5>\n\t\t\t\t\t<div class=\"post-meta is-small op-8\">04\/09\/2024<\/div>\t\t\t\t\t<div class=\"is-divider\"><\/div>\n\t\t\t\t\t\t\t\t\t\t<p class=\"from_the_blog_excerpt \">\n\t\t\t\t\t\tAlates 1. jaanuarist 2025 hakkab Eestis kehtima uus automaks. See toob kaasa olulisi muudatusi nii [...]\t\t\t\t\t<\/p>\n\t\t\t\t\t                    \n\t\t\t\t\t\n\t\t\t\t\t\n\t\t\t\t\t<\/div>\n\t\t\t\t\t<\/div>\n\t\t\t\t\t\t\t\t\t<\/div>\n\t\t\t<\/div>\n\t\t<\/div><div class=\"col post-item\" >\n\t\t\t<div class=\"col-inner\">\n\t\t\t\t<div class=\"box box-normal box-text-bottom box-blog-post has-hover\">\n            \t\t\t\t\t<div class=\"box-image\" >\n  \t\t\t\t\t\t<div class=\"image-cover\" style=\"padding-top:56.25%;\">\n\t\t\t\t\t\t\t<a href=\"https:\/\/grow.ee\/fi\/kuidas-valida-parim-palgaarvestuse-teenusepakkuja\/\" class=\"plain\" aria-label=\"Kuidas valida parim palgaarvestuse teenusepakkuja?\">\n\t\t\t\t\t\t\t\t<img loading=\"lazy\" decoding=\"async\" width=\"300\" height=\"200\" src=\"https:\/\/grow.ee\/wp-content\/uploads\/2024\/06\/RiikoPhoto_093-300x200.jpg\" class=\"attachment-medium size-medium wp-post-image\" alt=\"\" srcset=\"https:\/\/grow.ee\/wp-content\/uploads\/2024\/06\/RiikoPhoto_093-300x200.jpg 300w, https:\/\/grow.ee\/wp-content\/uploads\/2024\/06\/RiikoPhoto_093-720x480.jpg 720w, https:\/\/grow.ee\/wp-content\/uploads\/2024\/06\/RiikoPhoto_093-768x512.jpg 768w, https:\/\/grow.ee\/wp-content\/uploads\/2024\/06\/RiikoPhoto_093-1536x1025.jpg 1536w, https:\/\/grow.ee\/wp-content\/uploads\/2024\/06\/RiikoPhoto_093-2048x1366.jpg 2048w, https:\/\/grow.ee\/wp-content\/uploads\/2024\/06\/RiikoPhoto_093-18x12.jpg 18w\" sizes=\"auto, (max-width: 300px) 100vw, 300px\" \/>\t\t\t\t\t\t\t<\/a>\n  \t\t\t\t\t\t\t<div class=\"overlay\" style=\"background-color: rgba(255, 255, 255, 0)\"><\/div>  \t\t\t\t\t\t\t  \t\t\t\t\t\t<\/div>\n  \t\t\t\t\t\t  \t\t\t\t\t<\/div>\n          \t\t\t\t\t<div class=\"box-text text-center\" style=\"background-color:rgb(232, 237, 244);\">\n\t\t\t\t\t<div class=\"box-text-inner blog-post-inner\">\n\n\t\t\t\t\t\n\t\t\t\t\t\t\t\t\t\t<h5 class=\"post-title is-large \">\n\t\t\t\t\t\t<a href=\"https:\/\/grow.ee\/fi\/kuidas-valida-parim-palgaarvestuse-teenusepakkuja\/\" class=\"plain\">Kuidas valida parim palgaarvestuse teenusepakkuja?<\/a>\n\t\t\t\t\t<\/h5>\n\t\t\t\t\t<div class=\"post-meta is-small op-8\">13\/08\/2024<\/div>\t\t\t\t\t<div class=\"is-divider\"><\/div>\n\t\t\t\t\t\t\t\t\t\t<p class=\"from_the_blog_excerpt \">\n\t\t\t\t\t\tSuuremahuline palgaarvestus h\u00f5lmab erinevaid aspekte, mis n\u00f5uavad teadmisi seadustest, tehnilist p\u00e4devust ja pidevat k\u00e4ttesaadavust.\t\t\t\t\t<\/p>\n\t\t\t\t\t                    \n\t\t\t\t\t\n\t\t\t\t\t\n\t\t\t\t\t<\/div>\n\t\t\t\t\t<\/div>\n\t\t\t\t\t\t\t\t\t<\/div>\n\t\t\t<\/div>\n\t\t<\/div><div class=\"col post-item\" >\n\t\t\t<div class=\"col-inner\">\n\t\t\t\t<div class=\"box box-normal box-text-bottom box-blog-post has-hover\">\n            \t\t\t\t\t<div class=\"box-image\" >\n  \t\t\t\t\t\t<div class=\"image-cover\" style=\"padding-top:56.25%;\">\n\t\t\t\t\t\t\t<a href=\"https:\/\/grow.ee\/fi\/kuhu-ai-viib-palgaarvestuse\/\" class=\"plain\" aria-label=\"Kuhu AI viib palgaarvestuse?\">\n\t\t\t\t\t\t\t\t<img loading=\"lazy\" decoding=\"async\" width=\"300\" height=\"200\" src=\"https:\/\/grow.ee\/wp-content\/uploads\/2024\/06\/RiikoPhoto_191-300x200.jpg\" class=\"attachment-medium size-medium wp-post-image\" alt=\"\" srcset=\"https:\/\/grow.ee\/wp-content\/uploads\/2024\/06\/RiikoPhoto_191-300x200.jpg 300w, https:\/\/grow.ee\/wp-content\/uploads\/2024\/06\/RiikoPhoto_191-720x480.jpg 720w, https:\/\/grow.ee\/wp-content\/uploads\/2024\/06\/RiikoPhoto_191-768x512.jpg 768w, https:\/\/grow.ee\/wp-content\/uploads\/2024\/06\/RiikoPhoto_191-1536x1025.jpg 1536w, https:\/\/grow.ee\/wp-content\/uploads\/2024\/06\/RiikoPhoto_191-2048x1366.jpg 2048w, https:\/\/grow.ee\/wp-content\/uploads\/2024\/06\/RiikoPhoto_191-18x12.jpg 18w\" sizes=\"auto, (max-width: 300px) 100vw, 300px\" \/>\t\t\t\t\t\t\t<\/a>\n  \t\t\t\t\t\t\t<div class=\"overlay\" style=\"background-color: rgba(255, 255, 255, 0)\"><\/div>  \t\t\t\t\t\t\t  \t\t\t\t\t\t<\/div>\n  \t\t\t\t\t\t  \t\t\t\t\t<\/div>\n          \t\t\t\t\t<div class=\"box-text text-center\" style=\"background-color:rgb(232, 237, 244);\">\n\t\t\t\t\t<div class=\"box-text-inner blog-post-inner\">\n\n\t\t\t\t\t\n\t\t\t\t\t\t\t\t\t\t<h5 class=\"post-title is-large \">\n\t\t\t\t\t\t<a href=\"https:\/\/grow.ee\/fi\/kuhu-ai-viib-palgaarvestuse\/\" class=\"plain\">Kuhu AI viib palgaarvestuse?<\/a>\n\t\t\t\t\t<\/h5>\n\t\t\t\t\t<div class=\"post-meta is-small op-8\">13\/08\/2024<\/div>\t\t\t\t\t<div class=\"is-divider\"><\/div>\n\t\t\t\t\t\t\t\t\t\t<p class=\"from_the_blog_excerpt \">\n\t\t\t\t\t\tMeie Grow\u2019s n\u00e4eme, et AI saabumine toob kaasa peagi uue ajastu, kus palgaarvestuse haldamine on [...]\t\t\t\t\t<\/p>\n\t\t\t\t\t                    \n\t\t\t\t\t\n\t\t\t\t\t\n\t\t\t\t\t<\/div>\n\t\t\t\t\t<\/div>\n\t\t\t\t\t\t\t\t\t<\/div>\n\t\t\t<\/div>\n\t\t<\/div><div class=\"col post-item\" >\n\t\t\t<div class=\"col-inner\">\n\t\t\t\t<div class=\"box box-normal box-text-bottom box-blog-post has-hover\">\n            \t\t\t\t\t<div class=\"box-image\" >\n  \t\t\t\t\t\t<div class=\"image-cover\" style=\"padding-top:56.25%;\">\n\t\t\t\t\t\t\t<a href=\"https:\/\/grow.ee\/fi\/millal-kaaluda-finantsjuhi-kaasamist\/\" class=\"plain\" aria-label=\"Millal tuleks kaaluda ettev\u00f5ttele finantsjuhi kaasamist?\">\n\t\t\t\t\t\t\t\t<img loading=\"lazy\" decoding=\"async\" width=\"300\" height=\"168\" src=\"https:\/\/grow.ee\/wp-content\/uploads\/2024\/05\/Digitaalne-raamatupidamine-Grow-2-300x168.webp\" class=\"attachment-medium size-medium wp-post-image\" alt=\"\" srcset=\"https:\/\/grow.ee\/wp-content\/uploads\/2024\/05\/Digitaalne-raamatupidamine-Grow-2-300x168.webp 300w, https:\/\/grow.ee\/wp-content\/uploads\/2024\/05\/Digitaalne-raamatupidamine-Grow-2-720x403.webp 720w, https:\/\/grow.ee\/wp-content\/uploads\/2024\/05\/Digitaalne-raamatupidamine-Grow-2-768x430.webp 768w, https:\/\/grow.ee\/wp-content\/uploads\/2024\/05\/Digitaalne-raamatupidamine-Grow-2-1536x860.webp 1536w, https:\/\/grow.ee\/wp-content\/uploads\/2024\/05\/Digitaalne-raamatupidamine-Grow-2-2048x1147.webp 2048w, https:\/\/grow.ee\/wp-content\/uploads\/2024\/05\/Digitaalne-raamatupidamine-Grow-2-18x10.webp 18w\" sizes=\"auto, (max-width: 300px) 100vw, 300px\" \/>\t\t\t\t\t\t\t<\/a>\n  \t\t\t\t\t\t\t<div class=\"overlay\" style=\"background-color: rgba(255, 255, 255, 0)\"><\/div>  \t\t\t\t\t\t\t  \t\t\t\t\t\t<\/div>\n  \t\t\t\t\t\t  \t\t\t\t\t<\/div>\n          \t\t\t\t\t<div class=\"box-text text-center\" style=\"background-color:rgb(232, 237, 244);\">\n\t\t\t\t\t<div class=\"box-text-inner blog-post-inner\">\n\n\t\t\t\t\t\n\t\t\t\t\t\t\t\t\t\t<h5 class=\"post-title is-large \">\n\t\t\t\t\t\t<a href=\"https:\/\/grow.ee\/fi\/millal-kaaluda-finantsjuhi-kaasamist\/\" class=\"plain\">Millal tuleks kaaluda ettev\u00f5ttele finantsjuhi kaasamist?<\/a>\n\t\t\t\t\t<\/h5>\n\t\t\t\t\t<div class=\"post-meta is-small op-8\">13\/08\/2024<\/div>\t\t\t\t\t<div class=\"is-divider\"><\/div>\n\t\t\t\t\t\t\t\t\t\t<p class=\"from_the_blog_excerpt \">\n\t\t\t\t\t\tMillal tuleks kaaluda finantsjuhi (CFO) kaasamist ning miks teenusena sisse ostes on targem valik kui [...]\t\t\t\t\t<\/p>\n\t\t\t\t\t                    \n\t\t\t\t\t\n\t\t\t\t\t\n\t\t\t\t\t<\/div>\n\t\t\t\t\t<\/div>\n\t\t\t\t\t\t\t\t\t<\/div>\n\t\t\t<\/div>\n\t\t<\/div><div class=\"col post-item\" >\n\t\t\t<div class=\"col-inner\">\n\t\t\t\t<div class=\"box box-normal box-text-bottom box-blog-post has-hover\">\n            \t\t\t\t\t<div class=\"box-image\" >\n  \t\t\t\t\t\t<div class=\"image-cover\" style=\"padding-top:56.25%;\">\n\t\t\t\t\t\t\t<a href=\"https:\/\/grow.ee\/fi\/viimane-aeg-on-e-arved-toole-panna-ja-teha-tarka-tood\/\" class=\"plain\" aria-label=\"Viimane aeg on e-arved t\u00f6\u00f6le panna ja teha tarka t\u00f6\u00f6d\">\n\t\t\t\t\t\t\t\t<img loading=\"lazy\" decoding=\"async\" width=\"300\" height=\"219\" src=\"https:\/\/grow.ee\/wp-content\/uploads\/2023\/11\/Ulvi-rodul-e-arve-blogi-300x219.jpg\" class=\"attachment-medium size-medium wp-post-image\" alt=\"\" srcset=\"https:\/\/grow.ee\/wp-content\/uploads\/2023\/11\/Ulvi-rodul-e-arve-blogi-300x219.jpg 300w, https:\/\/grow.ee\/wp-content\/uploads\/2023\/11\/Ulvi-rodul-e-arve-blogi-720x525.jpg 720w, https:\/\/grow.ee\/wp-content\/uploads\/2023\/11\/Ulvi-rodul-e-arve-blogi-768x560.jpg 768w, https:\/\/grow.ee\/wp-content\/uploads\/2023\/11\/Ulvi-rodul-e-arve-blogi-1536x1121.jpg 1536w, https:\/\/grow.ee\/wp-content\/uploads\/2023\/11\/Ulvi-rodul-e-arve-blogi-800x584.jpg 800w, https:\/\/grow.ee\/wp-content\/uploads\/2023\/11\/Ulvi-rodul-e-arve-blogi.jpg 1920w\" sizes=\"auto, (max-width: 300px) 100vw, 300px\" \/>\t\t\t\t\t\t\t<\/a>\n  \t\t\t\t\t\t\t<div class=\"overlay\" style=\"background-color: rgba(255, 255, 255, 0)\"><\/div>  \t\t\t\t\t\t\t  \t\t\t\t\t\t<\/div>\n  \t\t\t\t\t\t  \t\t\t\t\t<\/div>\n          \t\t\t\t\t<div class=\"box-text text-center\" style=\"background-color:rgb(232, 237, 244);\">\n\t\t\t\t\t<div class=\"box-text-inner blog-post-inner\">\n\n\t\t\t\t\t\n\t\t\t\t\t\t\t\t\t\t<h5 class=\"post-title is-large \">\n\t\t\t\t\t\t<a href=\"https:\/\/grow.ee\/fi\/viimane-aeg-on-e-arved-toole-panna-ja-teha-tarka-tood\/\" class=\"plain\">Viimane aeg on e-arved t\u00f6\u00f6le panna ja teha tarka t\u00f6\u00f6d<\/a>\n\t\t\t\t\t<\/h5>\n\t\t\t\t\t<div class=\"post-meta is-small op-8\">15\/11\/2023<\/div>\t\t\t\t\t<div class=\"is-divider\"><\/div>\n\t\t\t\t\t\t\t\t\t\t<p class=\"from_the_blog_excerpt \">\n\t\t\t\t\t\tLoe, miks on viimane aeg e-arved kasutusele v\u00f5tta ning milliseid eeliseid see pakub.\t\t\t\t\t<\/p>\n\t\t\t\t\t                    \n\t\t\t\t\t\n\t\t\t\t\t\n\t\t\t\t\t<\/div>\n\t\t\t\t\t<\/div>\n\t\t\t\t\t\t\t\t\t<\/div>\n\t\t\t<\/div>\n\t\t<\/div><div class=\"col post-item\" >\n\t\t\t<div class=\"col-inner\">\n\t\t\t\t<div class=\"box box-normal box-text-bottom box-blog-post has-hover\">\n            \t\t\t\t\t<div class=\"box-image\" >\n  \t\t\t\t\t\t<div class=\"image-cover\" style=\"padding-top:56.25%;\">\n\t\t\t\t\t\t\t<a href=\"https:\/\/grow.ee\/fi\/kaibemaksumaara-muudatus-alates-01-01-2024\/\" class=\"plain\" aria-label=\"K\u00e4ibemaksum\u00e4\u00e4ra muudatus alates 01.01.2024\">\n\t\t\t\t\t\t\t\t<img loading=\"lazy\" decoding=\"async\" width=\"275\" height=\"183\" src=\"https:\/\/grow.ee\/wp-content\/uploads\/2023\/10\/images-1.jpg\" class=\"attachment-medium size-medium wp-post-image\" alt=\"K\u00e4ibemaksum\u00e4\u00e4ra muudatus\" srcset=\"https:\/\/grow.ee\/wp-content\/uploads\/2023\/10\/images-1.jpg 275w, https:\/\/grow.ee\/wp-content\/uploads\/2023\/10\/images-1-150x100.jpg 150w, https:\/\/grow.ee\/wp-content\/uploads\/2023\/10\/images-1-272x182.jpg 272w\" sizes=\"auto, (max-width: 275px) 100vw, 275px\" \/>\t\t\t\t\t\t\t<\/a>\n  \t\t\t\t\t\t\t<div class=\"overlay\" style=\"background-color: rgba(255, 255, 255, 0)\"><\/div>  \t\t\t\t\t\t\t  \t\t\t\t\t\t<\/div>\n  \t\t\t\t\t\t  \t\t\t\t\t<\/div>\n          \t\t\t\t\t<div class=\"box-text text-center\" style=\"background-color:rgb(232, 237, 244);\">\n\t\t\t\t\t<div class=\"box-text-inner blog-post-inner\">\n\n\t\t\t\t\t\n\t\t\t\t\t\t\t\t\t\t<h5 class=\"post-title is-large \">\n\t\t\t\t\t\t<a href=\"https:\/\/grow.ee\/fi\/kaibemaksumaara-muudatus-alates-01-01-2024\/\" class=\"plain\">K\u00e4ibemaksum\u00e4\u00e4ra muudatus alates 01.01.2024<\/a>\n\t\t\t\t\t<\/h5>\n\t\t\t\t\t<div class=\"post-meta is-small op-8\">26\/10\/2023<\/div>\t\t\t\t\t<div class=\"is-divider\"><\/div>\n\t\t\t\t\t\t\t\t\t\t<p class=\"from_the_blog_excerpt \">\n\t\t\t\t\t\tUuenda oma teadmisi k\u00e4ibemaksum\u00e4\u00e4ra olulistest muudatustest alates 01.01.2024.\t\t\t\t\t<\/p>\n\t\t\t\t\t                    \n\t\t\t\t\t\n\t\t\t\t\t\n\t\t\t\t\t<\/div>\n\t\t\t\t\t<\/div>\n\t\t\t\t\t\t\t\t\t<\/div>\n\t\t\t<\/div>\n\t\t<\/div><div class=\"col post-item\" >\n\t\t\t<div class=\"col-inner\">\n\t\t\t\t<div class=\"box box-normal box-text-bottom box-blog-post has-hover\">\n            \t\t\t\t\t<div class=\"box-image\" >\n  \t\t\t\t\t\t<div class=\"image-cover\" style=\"padding-top:56.25%;\">\n\t\t\t\t\t\t\t<a href=\"https:\/\/grow.ee\/fi\/kuidas-kaitsta-ettevotte-kontosid-pettuste-eest-5-olulist-soovitust\/\" class=\"plain\" aria-label=\"Kuidas kaitsta ettev\u00f5tte kontosid pettuste eest: 5 olulist soovitust\">\n\t\t\t\t\t\t\t\t<img loading=\"lazy\" decoding=\"async\" width=\"300\" height=\"169\" src=\"https:\/\/grow.ee\/wp-content\/uploads\/2023\/10\/AdobeStock_486411022_cybersecurity_padlock-1200x675-1-300x169.jpeg\" class=\"attachment-medium size-medium wp-post-image\" alt=\"kaitsta ettev\u00f5tte kontosid pettuste eest\" srcset=\"https:\/\/grow.ee\/wp-content\/uploads\/2023\/10\/AdobeStock_486411022_cybersecurity_padlock-1200x675-1-300x169.jpeg 300w, https:\/\/grow.ee\/wp-content\/uploads\/2023\/10\/AdobeStock_486411022_cybersecurity_padlock-1200x675-1-720x405.jpeg 720w, https:\/\/grow.ee\/wp-content\/uploads\/2023\/10\/AdobeStock_486411022_cybersecurity_padlock-1200x675-1-768x432.jpeg 768w, https:\/\/grow.ee\/wp-content\/uploads\/2023\/10\/AdobeStock_486411022_cybersecurity_padlock-1200x675-1-800x450.jpeg 800w, https:\/\/grow.ee\/wp-content\/uploads\/2023\/10\/AdobeStock_486411022_cybersecurity_padlock-1200x675-1.jpeg 1200w\" sizes=\"auto, (max-width: 300px) 100vw, 300px\" \/>\t\t\t\t\t\t\t<\/a>\n  \t\t\t\t\t\t\t<div class=\"overlay\" style=\"background-color: rgba(255, 255, 255, 0)\"><\/div>  \t\t\t\t\t\t\t  \t\t\t\t\t\t<\/div>\n  \t\t\t\t\t\t  \t\t\t\t\t<\/div>\n          \t\t\t\t\t<div class=\"box-text text-center\" style=\"background-color:rgb(232, 237, 244);\">\n\t\t\t\t\t<div class=\"box-text-inner blog-post-inner\">\n\n\t\t\t\t\t\n\t\t\t\t\t\t\t\t\t\t<h5 class=\"post-title is-large \">\n\t\t\t\t\t\t<a href=\"https:\/\/grow.ee\/fi\/kuidas-kaitsta-ettevotte-kontosid-pettuste-eest-5-olulist-soovitust\/\" class=\"plain\">Kuidas kaitsta ettev\u00f5tte kontosid pettuste eest: 5 olulist soovitust<\/a>\n\t\t\t\t\t<\/h5>\n\t\t\t\t\t<div class=\"post-meta is-small op-8\">17\/10\/2023<\/div>\t\t\t\t\t<div class=\"is-divider\"><\/div>\n\t\t\t\t\t\t\t\t\t\t<p class=\"from_the_blog_excerpt \">\n\t\t\t\t\t\tKas teie ettev\u00f5ttes on piisavalt panustatud k\u00fcberturvalisusele?\t\t\t\t\t<\/p>\n\t\t\t\t\t                    \n\t\t\t\t\t\n\t\t\t\t\t\n\t\t\t\t\t<\/div>\n\t\t\t\t\t<\/div>\n\t\t\t\t\t\t\t\t\t<\/div>\n\t\t\t<\/div>\n\t\t<\/div><div class=\"col post-item\" >\n\t\t\t<div class=\"col-inner\">\n\t\t\t\t<div class=\"box box-normal box-text-bottom box-blog-post has-hover\">\n            \t\t\t\t\t<div class=\"box-image\" >\n  \t\t\t\t\t\t<div class=\"image-cover\" style=\"padding-top:56.25%;\">\n\t\t\t\t\t\t\t<a href=\"https:\/\/grow.ee\/fi\/miks-uuendusmeelsed-firmad-eelistavad-raamatupidamisburood\/\" class=\"plain\" aria-label=\"Miks eelistada raamatupidamisb\u00fcrood!\">\n\t\t\t\t\t\t\t\t<img loading=\"lazy\" decoding=\"async\" width=\"300\" height=\"175\" src=\"https:\/\/grow.ee\/wp-content\/uploads\/2023\/05\/How-Leading-Accounting-Firms-Are-Transforming-From-Number-Crunching-To-Business-Advisory-300x175.webp\" class=\"attachment-medium size-medium wp-post-image\" alt=\"Raamatupidamine\" srcset=\"https:\/\/grow.ee\/wp-content\/uploads\/2023\/05\/How-Leading-Accounting-Firms-Are-Transforming-From-Number-Crunching-To-Business-Advisory-300x175.webp 300w, https:\/\/grow.ee\/wp-content\/uploads\/2023\/05\/How-Leading-Accounting-Firms-Are-Transforming-From-Number-Crunching-To-Business-Advisory-720x420.webp 720w, https:\/\/grow.ee\/wp-content\/uploads\/2023\/05\/How-Leading-Accounting-Firms-Are-Transforming-From-Number-Crunching-To-Business-Advisory-768x449.webp 768w, https:\/\/grow.ee\/wp-content\/uploads\/2023\/05\/How-Leading-Accounting-Firms-Are-Transforming-From-Number-Crunching-To-Business-Advisory-800x467.webp 800w, https:\/\/grow.ee\/wp-content\/uploads\/2023\/05\/How-Leading-Accounting-Firms-Are-Transforming-From-Number-Crunching-To-Business-Advisory.webp 1500w\" sizes=\"auto, (max-width: 300px) 100vw, 300px\" \/>\t\t\t\t\t\t\t<\/a>\n  \t\t\t\t\t\t\t<div class=\"overlay\" style=\"background-color: rgba(255, 255, 255, 0)\"><\/div>  \t\t\t\t\t\t\t  \t\t\t\t\t\t<\/div>\n  \t\t\t\t\t\t  \t\t\t\t\t<\/div>\n          \t\t\t\t\t<div class=\"box-text text-center\" style=\"background-color:rgb(232, 237, 244);\">\n\t\t\t\t\t<div class=\"box-text-inner blog-post-inner\">\n\n\t\t\t\t\t\n\t\t\t\t\t\t\t\t\t\t<h5 class=\"post-title is-large \">\n\t\t\t\t\t\t<a href=\"https:\/\/grow.ee\/fi\/miks-uuendusmeelsed-firmad-eelistavad-raamatupidamisburood\/\" class=\"plain\">Miks eelistada raamatupidamisb\u00fcrood!<\/a>\n\t\t\t\t\t<\/h5>\n\t\t\t\t\t<div class=\"post-meta is-small op-8\">26\/05\/2023<\/div>\t\t\t\t\t<div class=\"is-divider\"><\/div>\n\t\t\t\t\t\t\t\t\t\t<p class=\"from_the_blog_excerpt \">\n\t\t\t\t\t\tMiks eelistada raamatupidamisteenuste sisseostmist b\u00fcroolt?\t\t\t\t\t<\/p>\n\t\t\t\t\t                    \n\t\t\t\t\t\n\t\t\t\t\t\n\t\t\t\t\t<\/div>\n\t\t\t\t\t<\/div>\n\t\t\t\t\t\t\t\t\t<\/div>\n\t\t\t<\/div>\n\t\t<\/div><div class=\"col post-item\" >\n\t\t\t<div class=\"col-inner\">\n\t\t\t\t<div class=\"box box-normal box-text-bottom box-blog-post has-hover\">\n            \t\t\t\t\t<div class=\"box-image\" >\n  \t\t\t\t\t\t<div class=\"image-cover\" style=\"padding-top:56.25%;\">\n\t\t\t\t\t\t\t<a href=\"https:\/\/grow.ee\/fi\/planeeritavad-maksumuudatused-eestis-aastatel-2023-2025\/\" class=\"plain\" aria-label=\"Planeeritavad maksumuudatused Eestis aastatel 2023-2025\">\n\t\t\t\t\t\t\t\t<img loading=\"lazy\" decoding=\"async\" width=\"300\" height=\"161\" src=\"https:\/\/grow.ee\/wp-content\/uploads\/2023\/05\/shutterstock_1968119629-300x161.jpg\" class=\"attachment-medium size-medium wp-post-image\" alt=\"Eesti\" srcset=\"https:\/\/grow.ee\/wp-content\/uploads\/2023\/05\/shutterstock_1968119629-300x161.jpg 300w, https:\/\/grow.ee\/wp-content\/uploads\/2023\/05\/shutterstock_1968119629-720x388.jpg 720w, https:\/\/grow.ee\/wp-content\/uploads\/2023\/05\/shutterstock_1968119629-768x413.jpg 768w, https:\/\/grow.ee\/wp-content\/uploads\/2023\/05\/shutterstock_1968119629-800x431.jpg 800w, https:\/\/grow.ee\/wp-content\/uploads\/2023\/05\/shutterstock_1968119629.jpg 1280w\" sizes=\"auto, (max-width: 300px) 100vw, 300px\" \/>\t\t\t\t\t\t\t<\/a>\n  \t\t\t\t\t\t\t<div class=\"overlay\" style=\"background-color: rgba(255, 255, 255, 0)\"><\/div>  \t\t\t\t\t\t\t  \t\t\t\t\t\t<\/div>\n  \t\t\t\t\t\t  \t\t\t\t\t<\/div>\n          \t\t\t\t\t<div class=\"box-text text-center\" style=\"background-color:rgb(232, 237, 244);\">\n\t\t\t\t\t<div class=\"box-text-inner blog-post-inner\">\n\n\t\t\t\t\t\n\t\t\t\t\t\t\t\t\t\t<h5 class=\"post-title is-large \">\n\t\t\t\t\t\t<a href=\"https:\/\/grow.ee\/fi\/planeeritavad-maksumuudatused-eestis-aastatel-2023-2025\/\" class=\"plain\">Planeeritavad maksumuudatused Eestis aastatel 2023-2025<\/a>\n\t\t\t\t\t<\/h5>\n\t\t\t\t\t<div class=\"post-meta is-small op-8\">26\/05\/2023<\/div>\t\t\t\t\t<div class=\"is-divider\"><\/div>\n\t\t\t\t\t\t\t\t\t\t<p class=\"from_the_blog_excerpt \">\n\t\t\t\t\t\t\u00dclevaate Eestis planeeritavatest maksumuudatustest aastatel 2023-2025.\t\t\t\t\t<\/p>\n\t\t\t\t\t                    \n\t\t\t\t\t\n\t\t\t\t\t\n\t\t\t\t\t<\/div>\n\t\t\t\t\t<\/div>\n\t\t\t\t\t\t\t\t\t<\/div>\n\t\t\t<\/div>\n\t\t<\/div><div class=\"col post-item\" >\n\t\t\t<div class=\"col-inner\">\n\t\t\t\t<div class=\"box box-normal box-text-bottom box-blog-post has-hover\">\n            \t\t\t\t\t<div class=\"box-image\" >\n  \t\t\t\t\t\t<div class=\"image-cover\" style=\"padding-top:56.25%;\">\n\t\t\t\t\t\t\t<a href=\"https:\/\/grow.ee\/fi\/kasumi-jaotamine-ja-dividendide-maksustamine\/\" class=\"plain\" aria-label=\"Kasumi jaotamine ja dividendide maksustamine\">\n\t\t\t\t\t\t\t\t<img loading=\"lazy\" decoding=\"async\" width=\"300\" height=\"150\" src=\"https:\/\/grow.ee\/wp-content\/uploads\/2023\/05\/how-to-issue-dividends-in-a-company-limited-by-shares-300x150.jpg\" class=\"attachment-medium size-medium wp-post-image\" alt=\"raamatupidamine\" srcset=\"https:\/\/grow.ee\/wp-content\/uploads\/2023\/05\/how-to-issue-dividends-in-a-company-limited-by-shares-300x150.jpg 300w, https:\/\/grow.ee\/wp-content\/uploads\/2023\/05\/how-to-issue-dividends-in-a-company-limited-by-shares-720x360.jpg 720w, https:\/\/grow.ee\/wp-content\/uploads\/2023\/05\/how-to-issue-dividends-in-a-company-limited-by-shares-768x384.jpg 768w, https:\/\/grow.ee\/wp-content\/uploads\/2023\/05\/how-to-issue-dividends-in-a-company-limited-by-shares-800x400.jpg 800w, https:\/\/grow.ee\/wp-content\/uploads\/2023\/05\/how-to-issue-dividends-in-a-company-limited-by-shares.jpg 1500w\" sizes=\"auto, (max-width: 300px) 100vw, 300px\" \/>\t\t\t\t\t\t\t<\/a>\n  \t\t\t\t\t\t\t<div class=\"overlay\" style=\"background-color: rgba(255, 255, 255, 0)\"><\/div>  \t\t\t\t\t\t\t  \t\t\t\t\t\t<\/div>\n  \t\t\t\t\t\t  \t\t\t\t\t<\/div>\n          \t\t\t\t\t<div class=\"box-text text-center\" style=\"background-color:rgb(232, 237, 244);\">\n\t\t\t\t\t<div class=\"box-text-inner blog-post-inner\">\n\n\t\t\t\t\t\n\t\t\t\t\t\t\t\t\t\t<h5 class=\"post-title is-large \">\n\t\t\t\t\t\t<a href=\"https:\/\/grow.ee\/fi\/kasumi-jaotamine-ja-dividendide-maksustamine\/\" class=\"plain\">Kasumi jaotamine ja dividendide maksustamine<\/a>\n\t\t\t\t\t<\/h5>\n\t\t\t\t\t<div class=\"post-meta is-small op-8\">24\/05\/2023<\/div>\t\t\t\t\t<div class=\"is-divider\"><\/div>\n\t\t\t\t\t\t\t\t\t\t<p class=\"from_the_blog_excerpt \">\n\t\t\t\t\t\tKasumi jaotamine ja dividendi maksmine on oluline osa ettev\u00f5tte finantsjuhtimisest.\t\t\t\t\t<\/p>\n\t\t\t\t\t                    \n\t\t\t\t\t\n\t\t\t\t\t\n\t\t\t\t\t<\/div>\n\t\t\t\t\t<\/div>\n\t\t\t\t\t\t\t\t\t<\/div>\n\t\t\t<\/div>\n\t\t<\/div><div class=\"col post-item\" >\n\t\t\t<div class=\"col-inner\">\n\t\t\t\t<div class=\"box box-normal box-text-bottom box-blog-post has-hover\">\n            \t\t\t\t\t<div class=\"box-image\" >\n  \t\t\t\t\t\t<div class=\"image-cover\" style=\"padding-top:56.25%;\">\n\t\t\t\t\t\t\t<a href=\"https:\/\/grow.ee\/fi\/4-olulist-aspekti-miks-peaks-koik-ettevotted-minema-ule-e-arveldamisele\/\" class=\"plain\" aria-label=\"4 p\u00f5hjust, miks k\u00f5ik ettev\u00f5tted peaksid \u00fcle minema e-arvetele\">\n\t\t\t\t\t\t\t\t<img loading=\"lazy\" decoding=\"async\" width=\"300\" height=\"225\" src=\"https:\/\/grow.ee\/wp-content\/uploads\/2023\/02\/MicrosoftTeams-image-1-300x225.jpg\" class=\"attachment-medium size-medium wp-post-image\" alt=\"raamatupidamine_7\" srcset=\"https:\/\/grow.ee\/wp-content\/uploads\/2023\/02\/MicrosoftTeams-image-1-300x225.jpg 300w, https:\/\/grow.ee\/wp-content\/uploads\/2023\/02\/MicrosoftTeams-image-1-720x540.jpg 720w, https:\/\/grow.ee\/wp-content\/uploads\/2023\/02\/MicrosoftTeams-image-1-768x576.jpg 768w, https:\/\/grow.ee\/wp-content\/uploads\/2023\/02\/MicrosoftTeams-image-1-800x600.jpg 800w\" sizes=\"auto, (max-width: 300px) 100vw, 300px\" \/>\t\t\t\t\t\t\t<\/a>\n  \t\t\t\t\t\t\t<div class=\"overlay\" style=\"background-color: rgba(255, 255, 255, 0)\"><\/div>  \t\t\t\t\t\t\t  \t\t\t\t\t\t<\/div>\n  \t\t\t\t\t\t  \t\t\t\t\t<\/div>\n          \t\t\t\t\t<div class=\"box-text text-center\" style=\"background-color:rgb(232, 237, 244);\">\n\t\t\t\t\t<div class=\"box-text-inner blog-post-inner\">\n\n\t\t\t\t\t\n\t\t\t\t\t\t\t\t\t\t<h5 class=\"post-title is-large \">\n\t\t\t\t\t\t<a href=\"https:\/\/grow.ee\/fi\/4-olulist-aspekti-miks-peaks-koik-ettevotted-minema-ule-e-arveldamisele\/\" class=\"plain\">4 p\u00f5hjust, miks k\u00f5ik ettev\u00f5tted peaksid \u00fcle minema e-arvetele<\/a>\n\t\t\t\t\t<\/h5>\n\t\t\t\t\t<div class=\"post-meta is-small op-8\">08\/02\/2023<\/div>\t\t\t\t\t<div class=\"is-divider\"><\/div>\n\t\t\t\t\t\t\t\t\t\t<p class=\"from_the_blog_excerpt \">\n\t\t\t\t\t\tE-arved on mugavad ja muudavad raamatupidaja t\u00f6\u00f6 lihtsamaks. Loe blogist, miks peaksid e-arvetele \u00fcle minema.\t\t\t\t\t<\/p>\n\t\t\t\t\t                    \n\t\t\t\t\t\n\t\t\t\t\t\n\t\t\t\t\t<\/div>\n\t\t\t\t\t<\/div>\n\t\t\t\t\t\t\t\t\t<\/div>\n\t\t\t<\/div>\n\t\t<\/div><div class=\"col post-item\" >\n\t\t\t<div class=\"col-inner\">\n\t\t\t\t<div class=\"box box-normal box-text-bottom box-blog-post has-hover\">\n            \t\t\t\t\t<div class=\"box-image\" >\n  \t\t\t\t\t\t<div class=\"image-cover\" style=\"padding-top:56.25%;\">\n\t\t\t\t\t\t\t<a href=\"https:\/\/grow.ee\/fi\/arianaluutika-ettevottele\/\" class=\"plain\" aria-label=\"\u00c4rianal\u00fc\u00fctika ettev\u00f5ttele\">\n\t\t\t\t\t\t\t\t<img loading=\"lazy\" decoding=\"async\" width=\"300\" height=\"229\" src=\"https:\/\/grow.ee\/wp-content\/uploads\/2022\/12\/accountant-g886d3b434_1280-1-300x229.png\" class=\"attachment-medium size-medium wp-post-image\" alt=\"\u00c4rianal\u00fc\u00fctika\" srcset=\"https:\/\/grow.ee\/wp-content\/uploads\/2022\/12\/accountant-g886d3b434_1280-1-300x229.png 300w, https:\/\/grow.ee\/wp-content\/uploads\/2022\/12\/accountant-g886d3b434_1280-1-720x550.png 720w, https:\/\/grow.ee\/wp-content\/uploads\/2022\/12\/accountant-g886d3b434_1280-1-768x586.png 768w, https:\/\/grow.ee\/wp-content\/uploads\/2022\/12\/accountant-g886d3b434_1280-1-800x611.png 800w, https:\/\/grow.ee\/wp-content\/uploads\/2022\/12\/accountant-g886d3b434_1280-1.png 1280w\" sizes=\"auto, (max-width: 300px) 100vw, 300px\" \/>\t\t\t\t\t\t\t<\/a>\n  \t\t\t\t\t\t\t<div class=\"overlay\" style=\"background-color: rgba(255, 255, 255, 0)\"><\/div>  \t\t\t\t\t\t\t  \t\t\t\t\t\t<\/div>\n  \t\t\t\t\t\t  \t\t\t\t\t<\/div>\n          \t\t\t\t\t<div class=\"box-text text-center\" style=\"background-color:rgb(232, 237, 244);\">\n\t\t\t\t\t<div class=\"box-text-inner blog-post-inner\">\n\n\t\t\t\t\t\n\t\t\t\t\t\t\t\t\t\t<h5 class=\"post-title is-large \">\n\t\t\t\t\t\t<a href=\"https:\/\/grow.ee\/fi\/arianaluutika-ettevottele\/\" class=\"plain\">\u00c4rianal\u00fc\u00fctika ettev\u00f5ttele<\/a>\n\t\t\t\t\t<\/h5>\n\t\t\t\t\t<div class=\"post-meta is-small op-8\">02\/01\/2023<\/div>\t\t\t\t\t<div class=\"is-divider\"><\/div>\n\t\t\t\t\t\t\t\t\t\t<p class=\"from_the_blog_excerpt \">\n\t\t\t\t\t\t\u00c4rianal\u00fc\u00fctikaga m\u00f5istad oma \u00e4ritegevust, fikseerid kitsaskohad ja teed targemaid, andmetel p\u00f5hinevaid otsuseid.\u00a0\t\t\t\t\t<\/p>\n\t\t\t\t\t                    \n\t\t\t\t\t\n\t\t\t\t\t\n\t\t\t\t\t<\/div>\n\t\t\t\t\t<\/div>\n\t\t\t\t\t\t\t\t\t<\/div>\n\t\t\t<\/div>\n\t\t<\/div><div class=\"col post-item\" >\n\t\t\t<div class=\"col-inner\">\n\t\t\t\t<div class=\"box box-normal box-text-bottom box-blog-post has-hover\">\n            \t\t\t\t\t<div class=\"box-image\" >\n  \t\t\t\t\t\t<div class=\"image-cover\" style=\"padding-top:56.25%;\">\n\t\t\t\t\t\t\t<a href=\"https:\/\/grow.ee\/fi\/kuidas-rahastada-ettevotet\/\" class=\"plain\" aria-label=\"Kuidas rahastada ettev\u00f5tet?\">\n\t\t\t\t\t\t\t\t<img loading=\"lazy\" decoding=\"async\" width=\"300\" height=\"201\" src=\"https:\/\/grow.ee\/wp-content\/uploads\/2022\/12\/analyzing-g3bda3d241_1280-1-300x201.jpg\" class=\"attachment-medium size-medium wp-post-image\" alt=\"Ettev\u00f5tte rahastamine\" srcset=\"https:\/\/grow.ee\/wp-content\/uploads\/2022\/12\/analyzing-g3bda3d241_1280-1-300x200.jpg 300w, https:\/\/grow.ee\/wp-content\/uploads\/2022\/12\/analyzing-g3bda3d241_1280-1-720x480.jpg 720w, https:\/\/grow.ee\/wp-content\/uploads\/2022\/12\/analyzing-g3bda3d241_1280-1-768x514.jpg 768w, https:\/\/grow.ee\/wp-content\/uploads\/2022\/12\/analyzing-g3bda3d241_1280-1-360x240.jpg 360w, https:\/\/grow.ee\/wp-content\/uploads\/2022\/12\/analyzing-g3bda3d241_1280-1-800x535.jpg 800w, https:\/\/grow.ee\/wp-content\/uploads\/2022\/12\/analyzing-g3bda3d241_1280-1-150x100.jpg 150w, https:\/\/grow.ee\/wp-content\/uploads\/2022\/12\/analyzing-g3bda3d241_1280-1-600x400.jpg 600w, https:\/\/grow.ee\/wp-content\/uploads\/2022\/12\/analyzing-g3bda3d241_1280-1.jpg 1280w\" sizes=\"auto, (max-width: 300px) 100vw, 300px\" \/>\t\t\t\t\t\t\t<\/a>\n  \t\t\t\t\t\t\t<div class=\"overlay\" style=\"background-color: rgba(255, 255, 255, 0)\"><\/div>  \t\t\t\t\t\t\t  \t\t\t\t\t\t<\/div>\n  \t\t\t\t\t\t  \t\t\t\t\t<\/div>\n          \t\t\t\t\t<div class=\"box-text text-center\" style=\"background-color:rgb(232, 237, 244);\">\n\t\t\t\t\t<div class=\"box-text-inner blog-post-inner\">\n\n\t\t\t\t\t\n\t\t\t\t\t\t\t\t\t\t<h5 class=\"post-title is-large \">\n\t\t\t\t\t\t<a href=\"https:\/\/grow.ee\/fi\/kuidas-rahastada-ettevotet\/\" class=\"plain\">Kuidas rahastada ettev\u00f5tet?<\/a>\n\t\t\t\t\t<\/h5>\n\t\t\t\t\t<div class=\"post-meta is-small op-8\">02\/01\/2023<\/div>\t\t\t\t\t<div class=\"is-divider\"><\/div>\n\t\t\t\t\t\t\t\t\t\t<p class=\"from_the_blog_excerpt \">\n\t\t\t\t\t\tKapitali kaasamiseks peab m\u00f5istma kapitali liikide erip\u00e4rasid, et leida k\u00f5ige sobivam.\t\t\t\t\t<\/p>\n\t\t\t\t\t                    \n\t\t\t\t\t\n\t\t\t\t\t\n\t\t\t\t\t<\/div>\n\t\t\t\t\t<\/div>\n\t\t\t\t\t\t\t\t\t<\/div>\n\t\t\t<\/div>\n\t\t<\/div><div class=\"col post-item\" >\n\t\t\t<div class=\"col-inner\">\n\t\t\t\t<div class=\"box box-normal box-text-bottom box-blog-post has-hover\">\n            \t\t\t\t\t<div class=\"box-image\" >\n  \t\t\t\t\t\t<div class=\"image-cover\" style=\"padding-top:56.25%;\">\n\t\t\t\t\t\t\t<a href=\"https:\/\/grow.ee\/fi\/ideaalne-raamatupidaja-tanapaeval\/\" class=\"plain\" aria-label=\"Ideaalne raamatupidaja t\u00e4nap\u00e4eval\">\n\t\t\t\t\t\t\t\t<img loading=\"lazy\" decoding=\"async\" width=\"300\" height=\"200\" src=\"https:\/\/grow.ee\/wp-content\/uploads\/2022\/10\/pexels-fauxels-3183197-300x200.jpg\" class=\"attachment-medium size-medium wp-post-image\" alt=\"Palgaarvestus_1\" srcset=\"https:\/\/grow.ee\/wp-content\/uploads\/2022\/10\/pexels-fauxels-3183197-300x200.jpg 300w, https:\/\/grow.ee\/wp-content\/uploads\/2022\/10\/pexels-fauxels-3183197-360x240.jpg 360w, https:\/\/grow.ee\/wp-content\/uploads\/2022\/10\/pexels-fauxels-3183197-150x100.jpg 150w, https:\/\/grow.ee\/wp-content\/uploads\/2022\/10\/pexels-fauxels-3183197-600x400.jpg 600w, https:\/\/grow.ee\/wp-content\/uploads\/2022\/10\/pexels-fauxels-3183197.jpg 640w\" sizes=\"auto, (max-width: 300px) 100vw, 300px\" \/>\t\t\t\t\t\t\t<\/a>\n  \t\t\t\t\t\t\t<div class=\"overlay\" style=\"background-color: rgba(255, 255, 255, 0)\"><\/div>  \t\t\t\t\t\t\t  \t\t\t\t\t\t<\/div>\n  \t\t\t\t\t\t  \t\t\t\t\t<\/div>\n          \t\t\t\t\t<div class=\"box-text text-center\" style=\"background-color:rgb(232, 237, 244);\">\n\t\t\t\t\t<div class=\"box-text-inner blog-post-inner\">\n\n\t\t\t\t\t\n\t\t\t\t\t\t\t\t\t\t<h5 class=\"post-title is-large \">\n\t\t\t\t\t\t<a href=\"https:\/\/grow.ee\/fi\/ideaalne-raamatupidaja-tanapaeval\/\" class=\"plain\">Ideaalne raamatupidaja t\u00e4nap\u00e4eval<\/a>\n\t\t\t\t\t<\/h5>\n\t\t\t\t\t<div class=\"post-meta is-small op-8\">27\/10\/2022<\/div>\t\t\t\t\t<div class=\"is-divider\"><\/div>\n\t\t\t\t\t\t\t\t\t\t<p class=\"from_the_blog_excerpt \">\n\t\t\t\t\t\tMilliseid oskusi ootab kaasaegne juht raamatupidajalt t\u00e4nap\u00e4eval?\t\t\t\t\t<\/p>\n\t\t\t\t\t                    \n\t\t\t\t\t\n\t\t\t\t\t\n\t\t\t\t\t<\/div>\n\t\t\t\t\t<\/div>\n\t\t\t\t\t\t\t\t\t<\/div>\n\t\t\t<\/div>\n\t\t<\/div><\/div>\n\n<div class=\"social-icons follow-icons full-width text-center\" ><a href=\"https:\/\/www.facebook.com\/growaccounting\/\" target=\"_blank\" data-label=\"Facebook\" class=\"icon button circle is-outline tooltip facebook\" title=\"Follow on Facebook\" aria-label=\"Follow on Facebook\" rel=\"noopener nofollow\"><i class=\"icon-facebook\" aria-hidden=\"true\"><\/i><\/a><a href=\"https:\/\/www.instagram.com\/grow.finance\/\" target=\"_blank\" data-label=\"Instagram\" class=\"icon button circle is-outline tooltip instagram\" title=\"Follow on Instagram\" aria-label=\"Follow on Instagram\" rel=\"noopener nofollow\"><i class=\"icon-instagram\" aria-hidden=\"true\"><\/i><\/a><a href=\"https:\/\/www.linkedin.com\/company\/grow-finance\/\" data-label=\"LinkedIn\" target=\"_blank\" class=\"icon button circle is-outline tooltip linkedin\" title=\"Follow on LinkedIn\" aria-label=\"Follow on LinkedIn\" rel=\"noopener nofollow\"><i class=\"icon-linkedin\" aria-hidden=\"true\"><\/i><\/a><\/div>\n\n\n","protected":false},"excerpt":{"rendered":"","protected":false},"author":1,"featured_media":298,"parent":320,"menu_order":0,"comment_status":"closed","ping_status":"closed","template":"page-blank.php","meta":{"footnotes":""},"class_list":["post-138","page","type-page","status-publish","has-post-thumbnail","hentry"],"_links":{"self":[{"href":"https:\/\/grow.ee\/fi\/wp-json\/wp\/v2\/pages\/138","targetHints":{"allow":["GET"]}}],"collection":[{"href":"https:\/\/grow.ee\/fi\/wp-json\/wp\/v2\/pages"}],"about":[{"href":"https:\/\/grow.ee\/fi\/wp-json\/wp\/v2\/types\/page"}],"author":[{"embeddable":true,"href":"https:\/\/grow.ee\/fi\/wp-json\/wp\/v2\/users\/1"}],"replies":[{"embeddable":true,"href":"https:\/\/grow.ee\/fi\/wp-json\/wp\/v2\/comments?post=138"}],"version-history":[{"count":70,"href":"https:\/\/grow.ee\/fi\/wp-json\/wp\/v2\/pages\/138\/revisions"}],"predecessor-version":[{"id":14255,"href":"https:\/\/grow.ee\/fi\/wp-json\/wp\/v2\/pages\/138\/revisions\/14255"}],"up":[{"embeddable":true,"href":"https:\/\/grow.ee\/fi\/wp-json\/wp\/v2\/pages\/320"}],"wp:featuredmedia":[{"embeddable":true,"href":"https:\/\/grow.ee\/fi\/wp-json\/wp\/v2\/media\/298"}],"wp:attachment":[{"href":"https:\/\/grow.ee\/fi\/wp-json\/wp\/v2\/media?parent=138"}],"curies":[{"name":"wp","href":"https:\/\/api.w.org\/{rel}","templated":true}]}}